{"id":14,"date":"2021-08-10T14:54:00","date_gmt":"2021-08-10T14:54:00","guid":{"rendered":"http:\/\/dev.etagnac.fr\/?page_id=14"},"modified":"2021-12-02T10:45:00","modified_gmt":"2021-12-02T10:45:00","slug":"patrimoine","status":"publish","type":"page","link":"https:\/\/www.etagnac.fr\/?page_id=14","title":{"rendered":"Patrimoine"},"content":{"rendered":"\n<p class=\"has-luminous-vivid-orange-color has-text-color has-medium-font-size\"><strong>Le ch\u00e2teau de Rochebrune<\/strong><\/p>\n\n\n\n<p>Le ch\u00e2teau tire son nom de la grosse roche brune pr\u00e9sente dans la for\u00eat jouxtant le domaine.&nbsp;<br>Des seigneurs de Chabanais et de Montluc, aux Colbert et aux Dupont de l&rsquo;Etang (1803) puis aux De Richemont, il appartint tour \u00e0 tour \u00e0 ces hommes qui \u00e9crivirent l&rsquo;histoire de la commune.&nbsp;<br>Jean de Richemont y cacha de nombreux maquisards pendant la seconde guerre mondiale. &nbsp;<br>H\u00e9ritier de Rochebrune, il y fit r\u00e9aliser de gros travaux apr\u00e8s la guerre : restauration des douves, peintures des poutres des plafonds, r\u00e9implantation d&rsquo;arbres dans la for\u00eat.&nbsp;<br>En 1953, il ouvrit le ch\u00e2teau aux visiteurs et le fit classer en 1957 aux Monuments Historiques.&nbsp;<br>C&rsquo;est son fils Henri, maire de la commune, qui est l&rsquo;actuel propri\u00e9taire de Rochebrune.<\/p>\n\n\n\n<figure class=\"wp-block-image size-full is-resized\"><img loading=\"lazy\" decoding=\"async\" src=\"http:\/\/dev.etagnac.fr\/wp-content\/uploads\/2021\/08\/eta-7.jpg\" alt=\"\" class=\"wp-image-173\" width=\"569\" height=\"399\" srcset=\"https:\/\/www.etagnac.fr\/wp-content\/uploads\/2021\/08\/eta-7.jpg 520w, https:\/\/www.etagnac.fr\/wp-content\/uploads\/2021\/08\/eta-7-300x211.jpg 300w\" sizes=\"auto, (max-width: 569px) 100vw, 569px\" \/><\/figure>\n\n\n\n<p class=\"has-luminous-vivid-orange-color has-text-color has-medium-font-size\"><strong>L&rsquo;Eglise Saint Pierre \u00e8s liens<\/strong><\/p>\n\n\n\n<p>22 cur\u00e9s ont offici\u00e9 en l&rsquo;\u00e9glise d&rsquo;Etagnac depuis 1643.\u00a0<br>D&rsquo;architecture romane du 12\u00e8me s, l&rsquo;\u00e9glise fut maintes fois restaur\u00e9e, <br>jusqu&rsquo;\u00e0 une partielle reconstruction au 19\u00e8me s.\u00a0<br>Son clocher carr\u00e9 \u00e0 deux \u00e9tages renferme deux cloches, dont la plus grosse p\u00e8se 750 kg. <br>Le portail est entour\u00e9 de quatre voussures en arc.<\/p>\n\n\n\n<figure class=\"wp-block-image size-full is-resized\"><img loading=\"lazy\" decoding=\"async\" src=\"http:\/\/dev.etagnac.fr\/wp-content\/uploads\/2021\/08\/etac\u0327.jpg\" alt=\"\" class=\"wp-image-167\" width=\"572\" height=\"378\" srcset=\"https:\/\/www.etagnac.fr\/wp-content\/uploads\/2021\/08\/etac\u0327.jpg 520w, https:\/\/www.etagnac.fr\/wp-content\/uploads\/2021\/08\/etac\u0327-300x198.jpg 300w\" sizes=\"auto, (max-width: 572px) 100vw, 572px\" \/><\/figure>\n\n\n\n<p class=\"has-luminous-vivid-orange-color has-text-color has-medium-font-size\"><strong>La chapelle d&rsquo;Etricor<\/strong><\/p>\n\n\n\n<p>D\u00e9di\u00e9e \u00e0 Saint-Pardoux (gardien de troupeaux, il perdit la vue suite \u00e0 la chute d&rsquo;une branche d&rsquo; arbre sur la t\u00eate. Il se retira en for\u00eat o\u00f9 il v\u00e9cut ermite, accueillant des malades qu&rsquo;il gu\u00e9rissait), cette charmante petite chapelle se situe apr\u00e8s \u00a0\u00bb Beaulieu \u00ab\u00a0, au milieu d&rsquo;un pr\u00e9 en bord de Vienne. Les religieux\u00a0 qui y avaient b\u00e2ti un remarquable \u00e9difice avaient vraisemblablement choisi ce lieu pour la p\u00eache. En effet, ils ne consommaient pas de viande et \u00e9taient amateurs de poissons. Simple et sobre, de plan rectangulaire \u00e0 nef unique, elle m\u00e9rite que l&rsquo;on s&rsquo;y arr\u00eate.\u00a0<br>Il est possible de s&rsquo;y rendre en p\u00e8lerinage, le 2\u00e8me dimanche d&rsquo;octobre, et d&rsquo;y prier Saint-Pardoux pour la gu\u00e9rison et la protection des animaux de la ferme.\u00a0<br>Propri\u00e9t\u00e9 de la commune, elle en assure l&rsquo;entretien et a entrepris de lourd travaux de conservation : r\u00e9fection de la charpente et couverture, jointement des murs ext\u00e9rieurs, mise en place de vitraux. <\/p>\n\n\n\n<figure class=\"wp-block-image size-full\"><img loading=\"lazy\" decoding=\"async\" width=\"559\" height=\"375\" src=\"http:\/\/dev.etagnac.fr\/wp-content\/uploads\/2021\/12\/Capture-de\u0301cran-2021-12-02-a\u0300-11.41.32.png\" alt=\"\" class=\"wp-image-461\" srcset=\"https:\/\/www.etagnac.fr\/wp-content\/uploads\/2021\/12\/Capture-de\u0301cran-2021-12-02-a\u0300-11.41.32.png 559w, https:\/\/www.etagnac.fr\/wp-content\/uploads\/2021\/12\/Capture-de\u0301cran-2021-12-02-a\u0300-11.41.32-300x201.png 300w\" sizes=\"auto, (max-width: 559px) 100vw, 559px\" \/><\/figure>\n","protected":false},"excerpt":{"rendered":"<p>Le ch\u00e2teau de Rochebrune Le ch\u00e2teau tire son nom de la grosse roche brune pr\u00e9sente dans la for\u00eat jouxtant le domaine.&nbsp;Des seigneurs de Chabanais et de Montluc, aux Colbert et [&hellip;]<\/p>\n","protected":false},"author":1,"featured_media":0,"parent":0,"menu_order":0,"comment_status":"closed","ping_status":"closed","template":"","meta":{"footnotes":""},"class_list":["post-14","page","type-page","status-publish","hentry"],"_links":{"self":[{"href":"https:\/\/www.etagnac.fr\/index.php?rest_route=\/wp\/v2\/pages\/14","targetHints":{"allow":["GET"]}}],"collection":[{"href":"https:\/\/www.etagnac.fr\/index.php?rest_route=\/wp\/v2\/pages"}],"about":[{"href":"https:\/\/www.etagnac.fr\/index.php?rest_route=\/wp\/v2\/types\/page"}],"author":[{"embeddable":true,"href":"https:\/\/www.etagnac.fr\/index.php?rest_route=\/wp\/v2\/users\/1"}],"replies":[{"embeddable":true,"href":"https:\/\/www.etagnac.fr\/index.php?rest_route=%2Fwp%2Fv2%2Fcomments&post=14"}],"version-history":[{"count":5,"href":"https:\/\/www.etagnac.fr\/index.php?rest_route=\/wp\/v2\/pages\/14\/revisions"}],"predecessor-version":[{"id":463,"href":"https:\/\/www.etagnac.fr\/index.php?rest_route=\/wp\/v2\/pages\/14\/revisions\/463"}],"wp:attachment":[{"href":"https:\/\/www.etagnac.fr\/index.php?rest_route=%2Fwp%2Fv2%2Fmedia&parent=14"}],"curies":[{"name":"wp","href":"https:\/\/api.w.org\/{rel}","templated":true}]}}