{"id":16,"date":"2021-08-10T14:54:00","date_gmt":"2021-08-10T14:54:00","guid":{"rendered":"http:\/\/dev.etagnac.fr\/?page_id=16"},"modified":"2024-07-01T16:03:32","modified_gmt":"2024-07-01T14:03:32","slug":"vie-pratique","status":"publish","type":"page","link":"https:\/\/www.etagnac.fr\/?page_id=16","title":{"rendered":"Services au public"},"content":{"rendered":"\n<p>Les services m\u00e9dicaux de proximit\u00e9<\/p>\n\n\n\n<div class=\"wp-block-media-text alignwide is-stacked-on-mobile\"><figure class=\"wp-block-media-text__media\"><img loading=\"lazy\" decoding=\"async\" width=\"1024\" height=\"580\" src=\"http:\/\/dev.etagnac.fr\/wp-content\/uploads\/2021\/08\/conf-1024x580.jpg\" alt=\"\" class=\"wp-image-272 size-full\" srcset=\"https:\/\/www.etagnac.fr\/wp-content\/uploads\/2021\/08\/conf-1024x580.jpg 1024w, https:\/\/www.etagnac.fr\/wp-content\/uploads\/2021\/08\/conf-300x170.jpg 300w, https:\/\/www.etagnac.fr\/wp-content\/uploads\/2021\/08\/conf-768x435.jpg 768w, https:\/\/www.etagnac.fr\/wp-content\/uploads\/2021\/08\/conf.jpg 1200w\" sizes=\"auto, (max-width: 1024px) 100vw, 1024px\" \/><\/figure><div class=\"wp-block-media-text__content\">\n<p class=\"has-luminous-vivid-orange-color has-text-color has-normal-font-size\"><strong>Centre hospitalier<\/strong><\/p>\n\n\n\n<p>Rue du G\u00e9n\u00e9ral Marcel Perrot<br>16 500 Confolens<br><strong>05 45 84 40 00<\/strong><br><a href=\"http:\/\/www.ch-confolens.fr\/\" target=\"_blank\" rel=\"noreferrer noopener\">http:\/\/www.ch-confolens.fr\/<\/a><\/p>\n\n\n\n<p><\/p>\n<\/div><\/div>\n\n\n\n<hr class=\"wp-block-separator has-alpha-channel-opacity\"\/>\n\n\n\n<div class=\"wp-block-media-text alignwide is-stacked-on-mobile\"><figure class=\"wp-block-media-text__media\"><img loading=\"lazy\" decoding=\"async\" width=\"1024\" height=\"768\" src=\"http:\/\/dev.etagnac.fr\/wp-content\/uploads\/2021\/08\/Centre_hospitalier_saint-junien_Nitot_Travail-personnel_Wikimedia-Commons.jpg\" alt=\"\" class=\"wp-image-274 size-full\" srcset=\"https:\/\/www.etagnac.fr\/wp-content\/uploads\/2021\/08\/Centre_hospitalier_saint-junien_Nitot_Travail-personnel_Wikimedia-Commons.jpg 1024w, https:\/\/www.etagnac.fr\/wp-content\/uploads\/2021\/08\/Centre_hospitalier_saint-junien_Nitot_Travail-personnel_Wikimedia-Commons-300x225.jpg 300w, https:\/\/www.etagnac.fr\/wp-content\/uploads\/2021\/08\/Centre_hospitalier_saint-junien_Nitot_Travail-personnel_Wikimedia-Commons-768x576.jpg 768w\" sizes=\"auto, (max-width: 1024px) 100vw, 1024px\" \/><\/figure><div class=\"wp-block-media-text__content\">\n<p class=\"has-luminous-vivid-orange-color has-text-color has-normal-font-size\"><strong>Centre hospitalier<br>Roland Mazoin<\/strong><\/p>\n\n\n\n<p>12, rue Chateaubriand<br>87 200 Saint Junien<br><strong>05 55 43 50 00<\/strong><br><a href=\"https:\/\/www.ch-stjunien.fr\/\" target=\"_blank\" rel=\"noreferrer noopener\">https:\/\/www.ch-stjunien.fr\/<\/a><\/p>\n\n\n\n<p><\/p>\n\n\n\n<p><\/p>\n<\/div><\/div>\n\n\n\n<hr class=\"wp-block-separator has-alpha-channel-opacity\"\/>\n\n\n\n<div class=\"wp-block-media-text alignwide is-stacked-on-mobile\"><figure class=\"wp-block-media-text__media\"><img loading=\"lazy\" decoding=\"async\" width=\"1024\" height=\"640\" src=\"http:\/\/dev.etagnac.fr\/wp-content\/uploads\/2021\/11\/chabanais-maison-de-1024x640.jpg\" alt=\"\" class=\"wp-image-380 size-full\" srcset=\"https:\/\/www.etagnac.fr\/wp-content\/uploads\/2021\/11\/chabanais-maison-de-1024x640.jpg 1024w, https:\/\/www.etagnac.fr\/wp-content\/uploads\/2021\/11\/chabanais-maison-de-300x188.jpg 300w, https:\/\/www.etagnac.fr\/wp-content\/uploads\/2021\/11\/chabanais-maison-de-768x480.jpg 768w, https:\/\/www.etagnac.fr\/wp-content\/uploads\/2021\/11\/chabanais-maison-de-1536x960.jpg 1536w, https:\/\/www.etagnac.fr\/wp-content\/uploads\/2021\/11\/chabanais-maison-de.jpg 2000w\" sizes=\"auto, (max-width: 1024px) 100vw, 1024px\" \/><\/figure><div class=\"wp-block-media-text__content\">\n<p class=\"has-luminous-vivid-orange-color has-text-color has-normal-font-size\"><strong>Maison de sant\u00e9<\/strong><\/p>\n\n\n\n<p>Chemin des Bouvi\u00e8res<br>16 150 Chabanais<br>T\u00e9l. 05 45 31 95 05<\/p>\n\n\n\n<p><\/p>\n<\/div><\/div>\n\n\n\n<hr class=\"wp-block-separator has-alpha-channel-opacity\"\/>\n\n\n\n<div class=\"wp-block-media-text alignwide is-stacked-on-mobile\"><figure class=\"wp-block-media-text__media\"><img loading=\"lazy\" decoding=\"async\" width=\"1024\" height=\"459\" src=\"http:\/\/dev.etagnac.fr\/wp-content\/uploads\/2021\/08\/adobestock_84405047_2-1-1024x459.jpeg\" alt=\"\" class=\"wp-image-278 size-full\" srcset=\"https:\/\/www.etagnac.fr\/wp-content\/uploads\/2021\/08\/adobestock_84405047_2-1-1024x459.jpeg 1024w, https:\/\/www.etagnac.fr\/wp-content\/uploads\/2021\/08\/adobestock_84405047_2-1-300x135.jpeg 300w, https:\/\/www.etagnac.fr\/wp-content\/uploads\/2021\/08\/adobestock_84405047_2-1-768x344.jpeg 768w, https:\/\/www.etagnac.fr\/wp-content\/uploads\/2021\/08\/adobestock_84405047_2-1-1536x689.jpeg 1536w, https:\/\/www.etagnac.fr\/wp-content\/uploads\/2021\/08\/adobestock_84405047_2-1-2048x918.jpeg 2048w\" sizes=\"auto, (max-width: 1024px) 100vw, 1024px\" \/><\/figure><div class=\"wp-block-media-text__content\">\n<p class=\"has-luminous-vivid-orange-color has-text-color has-normal-font-size\"><strong>M\u00e9decins \u00e0 Chabanais<\/strong><\/p>\n\n\n\n<ul class=\"wp-block-list\">\n<li>M.\u00a0<strong>WASSI YOBOUE<\/strong>\u00a0ARMEL THIBAULT<br>CABINET DR ARMEL THIBAULT WASSI YOBOUE<br>MAISON DE SANTE CHABANAIS<br>4 CHEMIN DES BOUVIERES<br>16150 CHABANAIS<\/li>\n<\/ul>\n\n\n\n<ul class=\"wp-block-list\">\n<li>M.\u00a0<strong>SOUWEILEH RIHAN<\/strong>\u00a0HANNA<br>CABINET DU DR HANNA SOUWEILEH RIHAN<br>MAISON DE SANTE CHABANAIS<br>4 CHEMIN DES BOUVIERE<br>16150 CHABANAIS<br>T\u00e9l : 05\u00a055\u00a004\u00a022\u00a053<\/li>\n<\/ul>\n\n\n\n<ul class=\"wp-block-list\">\n<li>Mme\u00a0<strong>VAN SETTEN<\/strong>\u00a0CONNY<br>CABINET DU DR CONNY VAN SETTEN<br>MAISON DE SANTE<br>4 CHEMIN DES BOUVIERES<br>16150 CHABANAIS<\/li>\n<\/ul>\n\n\n\n<p><a href=\"https:\/\/annuairesante.ameli.fr\/trouver-un-professionnel-de-sante\/medecin-generaliste\/16-charente-chabanais\">https:\/\/annuairesante.ameli.fr\/trouver-un-professionnel-de-sante\/medecin-generaliste\/16-charente-chabanais<\/a><\/p>\n<\/div><\/div>\n\n\n\n<hr class=\"wp-block-separator has-alpha-channel-opacity\"\/>\n\n\n\n<div class=\"wp-block-media-text alignwide is-stacked-on-mobile\"><figure class=\"wp-block-media-text__media\"><img loading=\"lazy\" decoding=\"async\" width=\"1024\" height=\"683\" src=\"http:\/\/dev.etagnac.fr\/wp-content\/uploads\/2021\/08\/AZakOsilqh_1599659435-1024x683.jpg\" alt=\"\" class=\"wp-image-277 size-full\" srcset=\"https:\/\/www.etagnac.fr\/wp-content\/uploads\/2021\/08\/AZakOsilqh_1599659435-1024x683.jpg 1024w, https:\/\/www.etagnac.fr\/wp-content\/uploads\/2021\/08\/AZakOsilqh_1599659435-300x200.jpg 300w, https:\/\/www.etagnac.fr\/wp-content\/uploads\/2021\/08\/AZakOsilqh_1599659435-768x512.jpg 768w, https:\/\/www.etagnac.fr\/wp-content\/uploads\/2021\/08\/AZakOsilqh_1599659435-1536x1024.jpg 1536w, https:\/\/www.etagnac.fr\/wp-content\/uploads\/2021\/08\/AZakOsilqh_1599659435.jpg 1620w\" sizes=\"auto, (max-width: 1024px) 100vw, 1024px\" \/><\/figure><div class=\"wp-block-media-text__content\">\n<p class=\"has-luminous-vivid-orange-color has-text-color has-medium-font-size\"><strong>Dentiste<\/strong> \u00e0 Chabanais<\/p>\n\n\n\n<ul class=\"wp-block-list\">\n<li><strong>Christine Barbe<\/strong><br>05 45 71 73 89<\/li>\n<\/ul>\n\n\n\n<ul class=\"wp-block-list\">\n<li><strong>Buhaj G\u00e9rard <\/strong><br>05 45 71 74 22<\/li>\n<\/ul>\n\n\n\n<p><\/p>\n<\/div><\/div>\n\n\n\n<hr class=\"wp-block-separator has-alpha-channel-opacity\"\/>\n\n\n\n<div class=\"wp-block-media-text alignwide is-stacked-on-mobile\"><figure class=\"wp-block-media-text__media\"><img loading=\"lazy\" decoding=\"async\" width=\"766\" height=\"438\" src=\"http:\/\/dev.etagnac.fr\/wp-content\/uploads\/2021\/08\/kine\u0301.jpeg\" alt=\"\" class=\"wp-image-280 size-full\" srcset=\"https:\/\/www.etagnac.fr\/wp-content\/uploads\/2021\/08\/kine\u0301.jpeg 766w, https:\/\/www.etagnac.fr\/wp-content\/uploads\/2021\/08\/kine\u0301-300x172.jpeg 300w, https:\/\/www.etagnac.fr\/wp-content\/uploads\/2021\/08\/kine\u0301-330x190.jpeg 330w\" sizes=\"auto, (max-width: 766px) 100vw, 766px\" \/><\/figure><div class=\"wp-block-media-text__content\">\n<p class=\"has-luminous-vivid-orange-color has-text-color has-medium-font-size\"><strong>Kin\u00e9s<\/strong> <strong>\u00e0 Chabanais<\/strong><\/p>\n\n\n\n<ul class=\"wp-block-list\">\n<li><strong>Franco Garcia  Maria Angeles<\/strong> <br>06 40 99 14 03<\/li>\n<\/ul>\n\n\n\n<ul class=\"wp-block-list\">\n<li>M.\u00a0<strong>ROSA RAMOS<\/strong>\u00a0CARLOS<br>05\u00a055\u00a079\u00a017\u00a032<br><\/li>\n\n\n\n<li>M.\u00a0<strong>BONILLA RODRIGUEZ<\/strong>\u00a0ANTONIO<br>05\u00a055\u00a079\u00a017\u00a063<br><\/li>\n\n\n\n<li>Mme\u00a0<strong>CUELLAR PEDRO<\/strong>\u00a0MARTA<br>07\u00a084\u00a084\u00a061\u00a003<br><\/li>\n\n\n\n<li>M.\u00a0<strong>GALVAN BARCOS<\/strong>\u00a0ADRIAN<br><\/li>\n\n\n\n<li>Mme\u00a0<strong>CHAMON REVILLA<\/strong>\u00a0IRENE<br><\/li>\n<\/ul>\n\n\n\n<p><\/p>\n<\/div><\/div>\n\n\n\n<hr class=\"wp-block-separator has-alpha-channel-opacity is-style-default\"\/>\n\n\n\n<div class=\"wp-block-media-text alignwide is-stacked-on-mobile\"><figure class=\"wp-block-media-text__media\"><img loading=\"lazy\" decoding=\"async\" width=\"900\" height=\"700\" src=\"http:\/\/dev.etagnac.fr\/wp-content\/uploads\/2021\/08\/devenir-infirmiere-en-pratique-avancee-ipa.jpg\" alt=\"\" class=\"wp-image-281 size-full\" srcset=\"https:\/\/www.etagnac.fr\/wp-content\/uploads\/2021\/08\/devenir-infirmiere-en-pratique-avancee-ipa.jpg 900w, https:\/\/www.etagnac.fr\/wp-content\/uploads\/2021\/08\/devenir-infirmiere-en-pratique-avancee-ipa-300x233.jpg 300w, https:\/\/www.etagnac.fr\/wp-content\/uploads\/2021\/08\/devenir-infirmiere-en-pratique-avancee-ipa-768x597.jpg 768w\" sizes=\"auto, (max-width: 900px) 100vw, 900px\" \/><\/figure><div class=\"wp-block-media-text__content\">\n<p class=\"has-luminous-vivid-orange-color has-text-color has-medium-font-size\"><strong>Infirmi\u00e8res \u00e0 Chabanais<\/strong><\/p>\n\n\n\n<ul class=\"wp-block-list\">\n<li>Mme\u00a0<strong>GOUDOUR<\/strong>\u00a0VALERIE<br><\/li>\n\n\n\n<li>Mme\u00a0<strong>PONTCHARRAUD<\/strong>\u00a0MAUD<br><\/li>\n\n\n\n<li>Mme\u00a0<strong>MALICHIER<\/strong>\u00a0MARIE LAURENCE<br><\/li>\n\n\n\n<li>Mme\u00a0<strong>LARANT<\/strong>\u00a0VANESSA<br><\/li>\n\n\n\n<li>10 Place croix blanche<br>05 45 85 52 76<\/li>\n<\/ul>\n\n\n\n<hr class=\"wp-block-separator has-alpha-channel-opacity\"\/>\n\n\n\n<ul class=\"wp-block-list\">\n<li>Mme\u00a0<strong>BOVANI<\/strong>\u00a0SANDRA<br><\/li>\n\n\n\n<li>Mme\u00a0<strong>VALADEAU<\/strong>\u00a0VANESSA<br><\/li>\n\n\n\n<li>Mme\u00a0<strong>RAINASSE<\/strong>\u00a0FRANCOISE<br><\/li>\n\n\n\n<li>Mme\u00a0<strong>VINCENT<\/strong>\u00a0EMMANUELLE<br><\/li>\n\n\n\n<li>Maison de la sant\u00e9 5 chemin des bouvi\u00e8res <br>05 17 23 00 54<\/li>\n<\/ul>\n<\/div><\/div>\n\n\n\n<hr class=\"wp-block-separator has-alpha-channel-opacity\"\/>\n\n\n\n<div class=\"wp-block-media-text alignwide is-stacked-on-mobile\"><figure class=\"wp-block-media-text__media\"><img loading=\"lazy\" decoding=\"async\" width=\"275\" height=\"183\" src=\"https:\/\/www.etagnac.fr\/wp-content\/uploads\/2022\/09\/pharmacie.jpg\" alt=\"\" class=\"wp-image-825 size-full\"\/><\/figure><div class=\"wp-block-media-text__content\">\n<p class=\"has-luminous-vivid-orange-color has-text-color has-medium-font-size\"><strong>Pharmacie<\/strong> <strong>Artemise<\/strong><\/p>\n\n\n\n<p><strong>11, rue Nationale<\/strong><br>16 150 Chabanais<br>T\u00e9l. 05 45 89 01 37<br><a href=\"https:\/\/pharmacie-artemise.fr\/\" target=\"_blank\" rel=\"noreferrer noopener\">https:\/\/pharmacie-artemise.fr\/<\/a><\/p>\n<\/div><\/div>\n\n\n\n<hr class=\"wp-block-separator has-alpha-channel-opacity\"\/>\n\n\n\n<div class=\"wp-block-media-text alignwide is-stacked-on-mobile\"><figure class=\"wp-block-media-text__media\"><img loading=\"lazy\" decoding=\"async\" width=\"615\" height=\"380\" src=\"http:\/\/dev.etagnac.fr\/wp-content\/uploads\/2021\/08\/assistante-maternelle.jpg\" alt=\"\" class=\"wp-image-282 size-full\" srcset=\"https:\/\/www.etagnac.fr\/wp-content\/uploads\/2021\/08\/assistante-maternelle.jpg 615w, https:\/\/www.etagnac.fr\/wp-content\/uploads\/2021\/08\/assistante-maternelle-300x185.jpg 300w\" sizes=\"auto, (max-width: 615px) 100vw, 615px\" \/><\/figure><div class=\"wp-block-media-text__content\">\n<p class=\"has-luminous-vivid-orange-color has-text-color has-medium-font-size\"><strong>Assistantes maternelles agr\u00e9\u00e9es<\/strong><\/p>\n\n\n\n<ul class=\"wp-block-list\">\n<li><strong>Mme<\/strong> <strong>Bernadette Fontanaud<\/strong><br>25, route des Mottes 16150 Etagnac<br>T\u00e9l. <strong>06 75 45 23 21<\/strong><\/li>\n<\/ul>\n\n\n\n<ul class=\"wp-block-list\">\n<li><strong>Mme Sidonie Bereau <\/strong><br>8 route de Lussac 16150 Etagnac <br><strong>T\u00e9l. 06 20 03 53 8<\/strong>0<br><\/li>\n\n\n\n<li><strong>Mme Oztas Melek<\/strong><br>11 Village de Lavaud<br>16150 Etagnac<br><strong>T\u00e9l. 07 64 02 75 14<\/strong><\/li>\n<\/ul>\n\n\n\n<p>plus d&rsquo;infos :<\/p>\n\n\n\n<p><a href=\"https:\/\/www.lacharente.fr\/acces-direct\/annuaire-des-assistantes-maternelles\/resultats-de-la-recherche\/\" target=\"_blank\" rel=\"noreferrer noopener\">https:\/\/www.lacharente.fr\/acces-direct\/annuaire-des-assistantes-maternelles\/resultats-de-la-recherche\/<\/a><br><\/p>\n<\/div><\/div>\n\n\n\n<hr class=\"wp-block-separator has-alpha-channel-opacity\"\/>\n\n\n\n<div class=\"wp-block-media-text alignwide is-stacked-on-mobile\"><figure class=\"wp-block-media-text__media\"><img loading=\"lazy\" decoding=\"async\" width=\"220\" height=\"165\" src=\"https:\/\/www.etagnac.fr\/wp-content\/uploads\/2022\/09\/mairie.jpg\" alt=\"\" class=\"wp-image-821 size-full\"\/><\/figure><div class=\"wp-block-media-text__content\">\n<p class=\"has-luminous-vivid-orange-color has-text-color\"><strong>Horaires d&rsquo;ouverture de la mairie<\/strong><\/p>\n\n\n\n<p>Du lundi au vendredi de 8 h \u00e0 12 h 30 et de 13 h 30 \u00e0 17 h SAUF LE MERCREDI MATIN&nbsp;<br>t\u00e9l : 05 45 89 20 33 <br>Adresse mail : mairie@etagnac.fr<\/p>\n<\/div><\/div>\n\n\n\n<hr class=\"wp-block-separator has-alpha-channel-opacity\"\/>\n\n\n\n<div class=\"wp-block-media-text alignwide is-stacked-on-mobile\"><figure class=\"wp-block-media-text__media\"><img loading=\"lazy\" decoding=\"async\" width=\"1024\" height=\"472\" src=\"https:\/\/www.etagnac.fr\/wp-content\/uploads\/2022\/10\/la-poste-1-1024x472.jpg\" alt=\"\" class=\"wp-image-1089 size-full\" srcset=\"https:\/\/www.etagnac.fr\/wp-content\/uploads\/2022\/10\/la-poste-1-1024x472.jpg 1024w, https:\/\/www.etagnac.fr\/wp-content\/uploads\/2022\/10\/la-poste-1-300x138.jpg 300w, https:\/\/www.etagnac.fr\/wp-content\/uploads\/2022\/10\/la-poste-1-768x354.jpg 768w, https:\/\/www.etagnac.fr\/wp-content\/uploads\/2022\/10\/la-poste-1-1536x709.jpg 1536w, https:\/\/www.etagnac.fr\/wp-content\/uploads\/2022\/10\/la-poste-1-2048x945.jpg 2048w\" sizes=\"auto, (max-width: 1024px) 100vw, 1024px\" \/><\/figure><div class=\"wp-block-media-text__content\">\n<p class=\"has-luminous-vivid-orange-color has-text-color\"><strong>Horaires d&rsquo;ouverture de l&rsquo;agence postale<\/strong><\/p>\n\n\n\n<p>Du lundi au vendredi de 9h \u00e0 12h et de 14h \u00e0 16h30<br>Sauf le mercredi 9h \u00e0 12h et 14h \u00e0 15h<br>Le samedi de 9h \u00e0 12h<br>T\u00e9l : 05 45 89 05 17&nbsp;<\/p>\n<\/div><\/div>\n\n\n\n<hr class=\"wp-block-separator has-alpha-channel-opacity\"\/>\n\n\n\n<div class=\"wp-block-media-text alignwide is-stacked-on-mobile\"><figure class=\"wp-block-media-text__media\"><img loading=\"lazy\" decoding=\"async\" width=\"259\" height=\"194\" src=\"https:\/\/www.etagnac.fr\/wp-content\/uploads\/2022\/09\/veterinaire.jpg\" alt=\"\" class=\"wp-image-823 size-full\"\/><\/figure><div class=\"wp-block-media-text__content\">\n<p class=\"has-luminous-vivid-orange-color has-text-color\"><strong>Clinique V\u00e9t\u00e9rinaire<\/strong><\/p>\n\n\n\n<p>Place de la gare<br>16 150 Chabanais<br>T\u00e9l. 05 45 89 05 27<br><a rel=\"noreferrer noopener\" href=\"http:\/\/www.veterinaire-chabanais.com\/\" target=\"_blank\">http:\/\/www.veterinaire-chabanais.com\/<\/a><\/p>\n<\/div><\/div>\n\n\n\n<hr class=\"wp-block-separator has-alpha-channel-opacity\"\/>\n\n\n\n<div class=\"wp-block-media-text alignwide is-stacked-on-mobile\"><figure class=\"wp-block-media-text__media\"><img loading=\"lazy\" decoding=\"async\" width=\"271\" height=\"186\" src=\"https:\/\/www.etagnac.fr\/wp-content\/uploads\/2022\/10\/telechargement.jpg\" alt=\"\" class=\"wp-image-1035 size-full\"\/><\/figure><div class=\"wp-block-media-text__content\">\n<p class=\"has-luminous-vivid-orange-color has-text-color\">Pompes Fun\u00e8bres<\/p>\n\n\n\n<p>15 Bis Route d&rsquo;Angoul\u00eame <br>16150 Chabanais<br>t\u00e9l: 05 45 89 11 31<br><a href=\"https:\/\/pompes-funebres-bourcier-dumontet.fr\/\" target=\"_blank\" rel=\"noreferrer noopener\">https:\/\/pompes-funebres-bourcier-dumontet.fr\/<\/a><\/p>\n\n\n\n<p><\/p>\n<\/div><\/div>\n\n\n\n<hr class=\"wp-block-separator has-alpha-channel-opacity\"\/>\n\n\n\n<div class=\"wp-block-media-text alignwide is-stacked-on-mobile\"><figure class=\"wp-block-media-text__media\"><img loading=\"lazy\" decoding=\"async\" width=\"259\" height=\"194\" src=\"https:\/\/www.etagnac.fr\/wp-content\/uploads\/2022\/10\/dechetteries.jpg\" alt=\"\" class=\"wp-image-1038 size-full\"\/><\/figure><div class=\"wp-block-media-text__content\">\n<p class=\"has-luminous-vivid-orange-color has-text-color\">D\u00e9ch\u00e8terie Chabanais <\/p>\n\n\n\n<p>Rue Louis Filleul, 16150 Chabanais<br>T\u00e9l : 05 45 89 30 54 <br><a rel=\"noreferrer noopener\" href=\"https:\/\/www.calitom.com\/fr\" target=\"_blank\">https:\/\/www.calitom.com\/fr<\/a><br><\/p>\n\n\n\n<p><strong>Horaires :<\/strong> <br>Lundi : 9h00-12h00\/14h00-18h00<br>Mardi : 14h00-18h00<br>mercredi : Ferm\u00e9<br>Jeudi : 9h00-12h00\/14h00-18h00<br>Vendredi : 9h00-12h00\/14h00-18h00<br>Samedi : 9h00-18h00\/14h00-18h00<br>Dimanche : Ferm\u00e9<\/p>\n<\/div><\/div>\n\n\n\n<hr class=\"wp-block-separator has-alpha-channel-opacity\"\/>\n\n\n\n<div class=\"wp-block-media-text alignwide is-stacked-on-mobile\"><figure class=\"wp-block-media-text__media\"><img loading=\"lazy\" decoding=\"async\" width=\"271\" height=\"186\" src=\"https:\/\/www.etagnac.fr\/wp-content\/uploads\/2022\/10\/verre.jpg\" alt=\"\" class=\"wp-image-1112 size-full\"\/><\/figure><div class=\"wp-block-media-text__content\">\n<p class=\"has-vivid-green-cyan-color has-text-color\">Points de collecte du verre sur Etagnac<\/p>\n\n\n\n<p class=\"has-black-color has-text-color\"><br>&#8211; au niveau du cimeti\u00e8re<br>&#8211; derri\u00e8re la boulangerie et la boucherie<\/p>\n<\/div><\/div>\n\n\n\n<hr class=\"wp-block-separator has-alpha-channel-opacity\"\/>\n\n\n\n<div class=\"wp-block-media-text alignwide is-stacked-on-mobile\"><figure class=\"wp-block-media-text__media\"><img loading=\"lazy\" decoding=\"async\" width=\"389\" height=\"129\" src=\"https:\/\/www.etagnac.fr\/wp-content\/uploads\/2023\/01\/france-services.png\" alt=\"\" class=\"wp-image-1209 size-full\" srcset=\"https:\/\/www.etagnac.fr\/wp-content\/uploads\/2023\/01\/france-services.png 389w, https:\/\/www.etagnac.fr\/wp-content\/uploads\/2023\/01\/france-services-300x99.png 300w\" sizes=\"auto, (max-width: 389px) 100vw, 389px\" \/><\/figure><div class=\"wp-block-media-text__content\">\n<p><mark style=\"background-color:rgba(0, 0, 0, 0)\" class=\"has-inline-color has-luminous-vivid-orange-color\">France Services<\/mark> <\/p>\n\n\n\n<p><br>Les agents France services vous accueillent et vous accompagnent au quotidien  pour toutes vos d\u00e9marches administratives.<br>2 Route d&rsquo;Angoul\u00eame <\/p>\n\n\n\n<p><br>16150 chabanais<br>t\u00e9l : 05 45 29 51 96 <br>Du mardi au vendredi de 9h00 \u00e0 12h00 et de 13h30 \u00e0 16h30<br>le samedi de 9h \u00e0 12h <br><\/p>\n<\/div><\/div>\n\n\n\n<hr class=\"wp-block-separator has-alpha-channel-opacity\"\/>\n","protected":false},"excerpt":{"rendered":"<p>Les services m\u00e9dicaux de proximit\u00e9 Centre hospitalier Rue du G\u00e9n\u00e9ral Marcel Perrot16 500 Confolens05 45 84 40 00http:\/\/www.ch-confolens.fr\/ Centre hospitalierRoland Mazoin 12, rue Chateaubriand87 200 Saint Junien05 55 43 50 [&hellip;]<\/p>\n","protected":false},"author":1,"featured_media":0,"parent":0,"menu_order":0,"comment_status":"closed","ping_status":"closed","template":"","meta":{"footnotes":""},"class_list":["post-16","page","type-page","status-publish","hentry"],"_links":{"self":[{"href":"https:\/\/www.etagnac.fr\/index.php?rest_route=\/wp\/v2\/pages\/16","targetHints":{"allow":["GET"]}}],"collection":[{"href":"https:\/\/www.etagnac.fr\/index.php?rest_route=\/wp\/v2\/pages"}],"about":[{"href":"https:\/\/www.etagnac.fr\/index.php?rest_route=\/wp\/v2\/types\/page"}],"author":[{"embeddable":true,"href":"https:\/\/www.etagnac.fr\/index.php?rest_route=\/wp\/v2\/users\/1"}],"replies":[{"embeddable":true,"href":"https:\/\/www.etagnac.fr\/index.php?rest_route=%2Fwp%2Fv2%2Fcomments&post=16"}],"version-history":[{"count":42,"href":"https:\/\/www.etagnac.fr\/index.php?rest_route=\/wp\/v2\/pages\/16\/revisions"}],"predecessor-version":[{"id":1934,"href":"https:\/\/www.etagnac.fr\/index.php?rest_route=\/wp\/v2\/pages\/16\/revisions\/1934"}],"wp:attachment":[{"href":"https:\/\/www.etagnac.fr\/index.php?rest_route=%2Fwp%2Fv2%2Fmedia&parent=16"}],"curies":[{"name":"wp","href":"https:\/\/api.w.org\/{rel}","templated":true}]}}