{"id":19,"date":"2021-08-10T14:54:00","date_gmt":"2021-08-10T14:54:00","guid":{"rendered":"http:\/\/dev.etagnac.fr\/?page_id=19"},"modified":"2025-02-03T10:15:03","modified_gmt":"2025-02-03T09:15:03","slug":"lecole","status":"publish","type":"page","link":"https:\/\/www.etagnac.fr\/?page_id=19","title":{"rendered":"L&rsquo;\u00e9cole"},"content":{"rendered":"\n<p class=\"has-text-color\" style=\"color:#7c0fe1\"><strong>RPI ETAGNAC SAULGOND&nbsp;<\/strong><\/p>\n\n\n\n<p class=\"has-text-color\" style=\"color:#6f36a4\"><\/p>\n\n\n\n<p class=\"has-text-align-left has-text-color\" style=\"color:#7c0fe1\"><strong><mark style=\"background-color:rgba(0, 0, 0, 0);color:#7228b7\" class=\"has-inline-color\">\u00c9cole d&rsquo;Etagnac (73 enfants)<\/mark><\/strong><br>61 Grand Rue<\/p>\n\n\n\n<p>Maternelle : 05.45.89.08.98 <br>Mlle Chrystelle MAUTRE : TPS, PS <br>et MS MS Mme \u00c9milie REILLES : GS&nbsp;et CP<\/p>\n\n\n\n<p><br>\u00c9l\u00e9mentaire : 05.45.89.10.87 <br>Mme Karine DORAT : CE1 (Directrice)<\/p>\n\n\n\n<p class=\"has-text-color\" style=\"color:#7c0fe1\">&nbsp;<br><strong>Garderie d&rsquo;Etagnac<\/strong> <\/p>\n\n\n\n<p>Horaires matin : 7 h 30 \u00e0 8 h 45 <br>Horaires soir : 16 h 15 \u00e0 19 h<br>T\u00e9l. 05.45.89.08.95&nbsp;<\/p>\n\n\n\n<p><strong>Le service de garderie scolaire est gratuit<\/strong> <\/p>\n\n\n\n<p><strong><mark style=\"background-color:rgba(0, 0, 0, 0);color:#411868\" class=\"has-inline-color\">Cantine d&rsquo;Etagnac<\/mark><\/strong><\/p>\n\n\n\n<p>T\u00e9l : 05 45 89 35 33 <br>Adresse Mail : cantine@etagnac.fr<\/p>\n\n\n\n<p class=\"has-text-color\" style=\"color:#7c0fe1\"><br><strong>\u00c9cole de Saulgond (46 enfants)<\/strong><\/p>\n\n\n\n<p>Primaire : 05.45.85.50.64 <br>Mme DAUMAS : CE1 et CE2 <br>Mme FURLAUD : CM1 et CM2 (Directrice)<\/p>\n\n\n\n<p>HORAIRES \u00c9COLES MATERNELLE ET PRIMAIRE RPI ETAGNAC SAULGOND&nbsp;<br>Lundi, mardi, jeudi et vendredi 8 h 45 \u00e0 12 h 15 et 13 h 45 \u00e0 16 h 15<\/p>\n\n\n\n<hr class=\"wp-block-separator has-alpha-channel-opacity\"\/>\n\n\n\n<p class=\"has-luminous-vivid-orange-color has-text-color has-link-color has-medium-font-size wp-elements-b6cdd75c22e02dd25ad61ecc3f3fcc30\">Fiche de renseignement pour les inscriptions <\/p>\n\n\n\n<div data-wp-interactive=\"core\/file\" class=\"wp-block-file\"><object data-wp-bind--hidden=\"!state.hasPdfPreview\" hidden class=\"wp-block-file__embed\" data=\"https:\/\/www.etagnac.fr\/wp-content\/uploads\/2024\/05\/FICHE-DE-RENSEIGNEMENTS-ECOLE.pdf\" type=\"application\/pdf\" style=\"width:100%;height:600px\" aria-label=\"Contenu embarqu\u00e9 FICHE-DE-RENSEIGNEMENTS-ECOLE.\"><\/object><a id=\"wp-block-file--media-2a11b6a1-4bc5-40aa-af78-d55073f4697c\" href=\"https:\/\/www.etagnac.fr\/wp-content\/uploads\/2024\/05\/FICHE-DE-RENSEIGNEMENTS-ECOLE.pdf\">FICHE-DE-RENSEIGNEMENTS-ECOLE<\/a><a href=\"https:\/\/www.etagnac.fr\/wp-content\/uploads\/2024\/05\/FICHE-DE-RENSEIGNEMENTS-ECOLE.pdf\" class=\"wp-block-file__button wp-element-button\" download aria-describedby=\"wp-block-file--media-2a11b6a1-4bc5-40aa-af78-d55073f4697c\">T\u00e9l\u00e9charger<\/a><\/div>\n\n\n\n<hr class=\"wp-block-separator has-alpha-channel-opacity\"\/>\n\n\n\n<p class=\"has-luminous-vivid-orange-color has-text-color has-medium-font-size\">Transports scolaires<\/p>\n\n\n\n<p>Pour l\u2019inscription et conna\u00eetre les horaires de transports scolaires pour l\u2019\u00e9cole d\u2019Etagnac <br>(circuit domicile-\u00e9cole et la navette \u00e9cole-domicile), les coll\u00e8ges et les lyc\u00e9es, il faut aller sur le site:<br><a href=\"https:\/\/transports.nouvelle-aquitaine.fr\/transports-scolaires\/inscription\" target=\"_blank\" rel=\"noreferrer noopener\">https:\/\/transports.nouvelle-aquitaine.fr\/transports-scolaires\/inscription<\/a><\/p>\n\n\n\n<p>\u2014 Pour toutes informations compl\u00e9mentaires : 0970 870 870<br>du lundi au vendredi de 8 h \u00e0 19 h<\/p>\n\n\n\n<hr class=\"wp-block-separator has-alpha-channel-opacity\"\/>\n\n\n\n<p>A proximit\u00e9 de l&rsquo;\u00e9cole se trouve le centre de loisirs de Chabanais, qui est un accueil collectif des enfants de 3 \u00e0 11 ans, les mercredis apr\u00e8s-midi et les vacances scolaires. T\u00e9l. 09 66 90 14 63.<\/p>\n\n\n\n<figure class=\"wp-block-gallery has-nested-images columns-default is-cropped wp-block-gallery-1 is-layout-flex wp-block-gallery-is-layout-flex\">\n<figure class=\"wp-block-image size-large\"><img loading=\"lazy\" decoding=\"async\" width=\"774\" height=\"522\" data-id=\"329\" src=\"http:\/\/dev.etagnac.fr\/wp-content\/uploads\/2021\/11\/Capture-de\u0301cran-2021-11-10-a\u0300-13.55.52.png\" alt=\"\" class=\"wp-image-329\" srcset=\"https:\/\/www.etagnac.fr\/wp-content\/uploads\/2021\/11\/Capture-de\u0301cran-2021-11-10-a\u0300-13.55.52.png 774w, https:\/\/www.etagnac.fr\/wp-content\/uploads\/2021\/11\/Capture-de\u0301cran-2021-11-10-a\u0300-13.55.52-300x202.png 300w, https:\/\/www.etagnac.fr\/wp-content\/uploads\/2021\/11\/Capture-de\u0301cran-2021-11-10-a\u0300-13.55.52-768x518.png 768w, https:\/\/www.etagnac.fr\/wp-content\/uploads\/2021\/11\/Capture-de\u0301cran-2021-11-10-a\u0300-13.55.52-360x242.png 360w\" sizes=\"auto, (max-width: 774px) 100vw, 774px\" \/><\/figure>\n\n\n\n<figure class=\"wp-block-image size-large\"><img loading=\"lazy\" decoding=\"async\" width=\"771\" height=\"490\" data-id=\"330\" src=\"http:\/\/dev.etagnac.fr\/wp-content\/uploads\/2021\/11\/Capture-de\u0301cran-2021-11-10-a\u0300-13.55.43.png\" alt=\"\" class=\"wp-image-330\" srcset=\"https:\/\/www.etagnac.fr\/wp-content\/uploads\/2021\/11\/Capture-de\u0301cran-2021-11-10-a\u0300-13.55.43.png 771w, https:\/\/www.etagnac.fr\/wp-content\/uploads\/2021\/11\/Capture-de\u0301cran-2021-11-10-a\u0300-13.55.43-300x191.png 300w, https:\/\/www.etagnac.fr\/wp-content\/uploads\/2021\/11\/Capture-de\u0301cran-2021-11-10-a\u0300-13.55.43-768x488.png 768w\" sizes=\"auto, (max-width: 771px) 100vw, 771px\" \/><\/figure>\n\n\n\n<figure class=\"wp-block-image size-large\"><img loading=\"lazy\" decoding=\"async\" width=\"428\" height=\"276\" data-id=\"332\" src=\"http:\/\/dev.etagnac.fr\/wp-content\/uploads\/2021\/11\/Capture-de\u0301cran-2021-11-10-a\u0300-13.55.19.png\" alt=\"\" class=\"wp-image-332\" srcset=\"https:\/\/www.etagnac.fr\/wp-content\/uploads\/2021\/11\/Capture-de\u0301cran-2021-11-10-a\u0300-13.55.19.png 428w, https:\/\/www.etagnac.fr\/wp-content\/uploads\/2021\/11\/Capture-de\u0301cran-2021-11-10-a\u0300-13.55.19-300x193.png 300w\" sizes=\"auto, (max-width: 428px) 100vw, 428px\" \/><\/figure>\n<\/figure>\n\n\n\n<figure class=\"wp-block-gallery has-nested-images columns-default is-cropped wp-block-gallery-2 is-layout-flex wp-block-gallery-is-layout-flex\">\n<figure class=\"wp-block-image size-large\"><img loading=\"lazy\" decoding=\"async\" width=\"1024\" height=\"472\" data-id=\"1513\" src=\"https:\/\/www.etagnac.fr\/wp-content\/uploads\/2023\/08\/20230810_151133-2-1024x472.jpg\" alt=\"\" class=\"wp-image-1513\" srcset=\"https:\/\/www.etagnac.fr\/wp-content\/uploads\/2023\/08\/20230810_151133-2-1024x472.jpg 1024w, https:\/\/www.etagnac.fr\/wp-content\/uploads\/2023\/08\/20230810_151133-2-300x138.jpg 300w, https:\/\/www.etagnac.fr\/wp-content\/uploads\/2023\/08\/20230810_151133-2-768x354.jpg 768w, https:\/\/www.etagnac.fr\/wp-content\/uploads\/2023\/08\/20230810_151133-2-1536x709.jpg 1536w, https:\/\/www.etagnac.fr\/wp-content\/uploads\/2023\/08\/20230810_151133-2-2048x945.jpg 2048w\" sizes=\"auto, (max-width: 1024px) 100vw, 1024px\" \/><\/figure>\n\n\n\n<figure class=\"wp-block-image size-large\"><img loading=\"lazy\" decoding=\"async\" width=\"472\" height=\"1024\" data-id=\"1514\" src=\"https:\/\/www.etagnac.fr\/wp-content\/uploads\/2023\/08\/20230810_151145-1-472x1024.jpg\" alt=\"\" class=\"wp-image-1514\" srcset=\"https:\/\/www.etagnac.fr\/wp-content\/uploads\/2023\/08\/20230810_151145-1-472x1024.jpg 472w, https:\/\/www.etagnac.fr\/wp-content\/uploads\/2023\/08\/20230810_151145-1-138x300.jpg 138w, https:\/\/www.etagnac.fr\/wp-content\/uploads\/2023\/08\/20230810_151145-1-768x1665.jpg 768w, https:\/\/www.etagnac.fr\/wp-content\/uploads\/2023\/08\/20230810_151145-1-709x1536.jpg 709w, https:\/\/www.etagnac.fr\/wp-content\/uploads\/2023\/08\/20230810_151145-1-945x2048.jpg 945w, https:\/\/www.etagnac.fr\/wp-content\/uploads\/2023\/08\/20230810_151145-1-scaled.jpg 1181w\" sizes=\"auto, (max-width: 472px) 100vw, 472px\" \/><\/figure>\n\n\n\n<figure class=\"wp-block-image size-large\"><img loading=\"lazy\" decoding=\"async\" width=\"1024\" height=\"472\" data-id=\"1515\" src=\"https:\/\/www.etagnac.fr\/wp-content\/uploads\/2023\/08\/20230810_151528-1024x472.jpg\" alt=\"\" class=\"wp-image-1515\" srcset=\"https:\/\/www.etagnac.fr\/wp-content\/uploads\/2023\/08\/20230810_151528-1024x472.jpg 1024w, https:\/\/www.etagnac.fr\/wp-content\/uploads\/2023\/08\/20230810_151528-300x138.jpg 300w, https:\/\/www.etagnac.fr\/wp-content\/uploads\/2023\/08\/20230810_151528-768x354.jpg 768w, https:\/\/www.etagnac.fr\/wp-content\/uploads\/2023\/08\/20230810_151528-1536x709.jpg 1536w, https:\/\/www.etagnac.fr\/wp-content\/uploads\/2023\/08\/20230810_151528-2048x945.jpg 2048w\" sizes=\"auto, (max-width: 1024px) 100vw, 1024px\" \/><\/figure>\n\n\n\n<figure class=\"wp-block-image size-large\"><img loading=\"lazy\" decoding=\"async\" width=\"1024\" height=\"472\" data-id=\"1516\" src=\"https:\/\/www.etagnac.fr\/wp-content\/uploads\/2023\/08\/20230810_151622-1024x472.jpg\" alt=\"\" class=\"wp-image-1516\" srcset=\"https:\/\/www.etagnac.fr\/wp-content\/uploads\/2023\/08\/20230810_151622-1024x472.jpg 1024w, https:\/\/www.etagnac.fr\/wp-content\/uploads\/2023\/08\/20230810_151622-300x138.jpg 300w, https:\/\/www.etagnac.fr\/wp-content\/uploads\/2023\/08\/20230810_151622-768x354.jpg 768w, https:\/\/www.etagnac.fr\/wp-content\/uploads\/2023\/08\/20230810_151622-1536x709.jpg 1536w, https:\/\/www.etagnac.fr\/wp-content\/uploads\/2023\/08\/20230810_151622-2048x945.jpg 2048w\" sizes=\"auto, (max-width: 1024px) 100vw, 1024px\" \/><\/figure>\n\n\n\n<figure class=\"wp-block-image size-large\"><img loading=\"lazy\" decoding=\"async\" width=\"1024\" height=\"472\" data-id=\"1517\" src=\"https:\/\/www.etagnac.fr\/wp-content\/uploads\/2023\/08\/20230810_151714-1024x472.jpg\" alt=\"\" class=\"wp-image-1517\" srcset=\"https:\/\/www.etagnac.fr\/wp-content\/uploads\/2023\/08\/20230810_151714-1024x472.jpg 1024w, https:\/\/www.etagnac.fr\/wp-content\/uploads\/2023\/08\/20230810_151714-300x138.jpg 300w, https:\/\/www.etagnac.fr\/wp-content\/uploads\/2023\/08\/20230810_151714-768x354.jpg 768w, https:\/\/www.etagnac.fr\/wp-content\/uploads\/2023\/08\/20230810_151714-1536x709.jpg 1536w, https:\/\/www.etagnac.fr\/wp-content\/uploads\/2023\/08\/20230810_151714-2048x945.jpg 2048w\" sizes=\"auto, (max-width: 1024px) 100vw, 1024px\" \/><\/figure>\n\n\n\n<figure class=\"wp-block-image size-large\"><img loading=\"lazy\" decoding=\"async\" width=\"1024\" height=\"472\" data-id=\"1518\" src=\"https:\/\/www.etagnac.fr\/wp-content\/uploads\/2023\/08\/20230810_151752-1024x472.jpg\" alt=\"\" class=\"wp-image-1518\" srcset=\"https:\/\/www.etagnac.fr\/wp-content\/uploads\/2023\/08\/20230810_151752-1024x472.jpg 1024w, https:\/\/www.etagnac.fr\/wp-content\/uploads\/2023\/08\/20230810_151752-300x138.jpg 300w, https:\/\/www.etagnac.fr\/wp-content\/uploads\/2023\/08\/20230810_151752-768x354.jpg 768w, https:\/\/www.etagnac.fr\/wp-content\/uploads\/2023\/08\/20230810_151752-1536x709.jpg 1536w, https:\/\/www.etagnac.fr\/wp-content\/uploads\/2023\/08\/20230810_151752-2048x945.jpg 2048w\" sizes=\"auto, (max-width: 1024px) 100vw, 1024px\" \/><\/figure>\n\n\n\n<figure class=\"wp-block-image size-large\"><img loading=\"lazy\" decoding=\"async\" width=\"1024\" height=\"472\" data-id=\"1519\" src=\"https:\/\/www.etagnac.fr\/wp-content\/uploads\/2023\/08\/20230810_151822-1024x472.jpg\" alt=\"\" class=\"wp-image-1519\" srcset=\"https:\/\/www.etagnac.fr\/wp-content\/uploads\/2023\/08\/20230810_151822-1024x472.jpg 1024w, https:\/\/www.etagnac.fr\/wp-content\/uploads\/2023\/08\/20230810_151822-300x138.jpg 300w, https:\/\/www.etagnac.fr\/wp-content\/uploads\/2023\/08\/20230810_151822-768x354.jpg 768w, https:\/\/www.etagnac.fr\/wp-content\/uploads\/2023\/08\/20230810_151822-1536x709.jpg 1536w, https:\/\/www.etagnac.fr\/wp-content\/uploads\/2023\/08\/20230810_151822-2048x945.jpg 2048w\" sizes=\"auto, (max-width: 1024px) 100vw, 1024px\" \/><\/figure>\n\n\n\n<figure class=\"wp-block-image size-large\"><img loading=\"lazy\" decoding=\"async\" width=\"1024\" height=\"472\" data-id=\"1520\" src=\"https:\/\/www.etagnac.fr\/wp-content\/uploads\/2023\/08\/20230810_151216-1024x472.jpg\" alt=\"\" class=\"wp-image-1520\" srcset=\"https:\/\/www.etagnac.fr\/wp-content\/uploads\/2023\/08\/20230810_151216-1024x472.jpg 1024w, https:\/\/www.etagnac.fr\/wp-content\/uploads\/2023\/08\/20230810_151216-300x138.jpg 300w, https:\/\/www.etagnac.fr\/wp-content\/uploads\/2023\/08\/20230810_151216-768x354.jpg 768w, https:\/\/www.etagnac.fr\/wp-content\/uploads\/2023\/08\/20230810_151216-1536x709.jpg 1536w, https:\/\/www.etagnac.fr\/wp-content\/uploads\/2023\/08\/20230810_151216-2048x945.jpg 2048w\" sizes=\"auto, (max-width: 1024px) 100vw, 1024px\" \/><\/figure>\n\n\n\n<figure class=\"wp-block-image size-large\"><img loading=\"lazy\" decoding=\"async\" width=\"1024\" height=\"472\" data-id=\"1521\" src=\"https:\/\/www.etagnac.fr\/wp-content\/uploads\/2023\/08\/20230810_151226-1024x472.jpg\" alt=\"\" class=\"wp-image-1521\" srcset=\"https:\/\/www.etagnac.fr\/wp-content\/uploads\/2023\/08\/20230810_151226-1024x472.jpg 1024w, https:\/\/www.etagnac.fr\/wp-content\/uploads\/2023\/08\/20230810_151226-300x138.jpg 300w, https:\/\/www.etagnac.fr\/wp-content\/uploads\/2023\/08\/20230810_151226-768x354.jpg 768w, https:\/\/www.etagnac.fr\/wp-content\/uploads\/2023\/08\/20230810_151226-1536x709.jpg 1536w, https:\/\/www.etagnac.fr\/wp-content\/uploads\/2023\/08\/20230810_151226-2048x945.jpg 2048w\" sizes=\"auto, (max-width: 1024px) 100vw, 1024px\" \/><\/figure>\n<\/figure>\n\n\n\n<figure class=\"wp-block-image size-full is-resized\"><img loading=\"lazy\" decoding=\"async\" width=\"900\" height=\"900\" src=\"http:\/\/dev.etagnac.fr\/wp-content\/uploads\/2021\/11\/bus-scolaire.jpg\" alt=\"\" class=\"wp-image-335\" style=\"width:424px;height:424px\" srcset=\"https:\/\/www.etagnac.fr\/wp-content\/uploads\/2021\/11\/bus-scolaire.jpg 900w, https:\/\/www.etagnac.fr\/wp-content\/uploads\/2021\/11\/bus-scolaire-300x300.jpg 300w, https:\/\/www.etagnac.fr\/wp-content\/uploads\/2021\/11\/bus-scolaire-150x150.jpg 150w, https:\/\/www.etagnac.fr\/wp-content\/uploads\/2021\/11\/bus-scolaire-768x768.jpg 768w, https:\/\/www.etagnac.fr\/wp-content\/uploads\/2021\/11\/bus-scolaire-180x180.jpg 180w\" sizes=\"auto, (max-width: 900px) 100vw, 900px\" \/><\/figure>\n\n\n\n<p class=\"has-luminous-vivid-orange-color has-text-color has-medium-font-size\">Coll\u00e8ge Jean de la Quintinie \u00e0 Chabanais<\/p>\n\n\n\n<p>Rue du  coll\u00e8ge. T\u00e9l. 05 45 89 01 27<\/p>\n\n\n\n<p>Site du coll\u00e8ge : <a href=\"http:\/\/etab.ac-poitiers.fr\/coll-chabanais\/\" target=\"_blank\" rel=\"noreferrer noopener\">http:\/\/etab.ac-poitiers.fr\/coll-chabanais\/<\/a><\/p>\n\n\n\n<figure class=\"wp-block-image size-full is-resized\"><img loading=\"lazy\" decoding=\"async\" width=\"200\" height=\"96\" src=\"http:\/\/dev.etagnac.fr\/wp-content\/uploads\/2021\/12\/siteon0-8a73a.jpg\" alt=\"\" class=\"wp-image-499\" style=\"width:299px;height:144px\"\/><\/figure>\n\n\n\n<p class=\"has-luminous-vivid-orange-color has-text-color has-medium-font-size\">Lyc\u00e9e Emile Roux \u00e0 Confolens<\/p>\n\n\n\n<p>30, Av. du G\u00e9n\u00e9ral de Gaulle. T\u00e9l. 04 45 84 12 33<\/p>\n\n\n\n<p>Site du lyc\u00e9e :<a href=\"https:\/\/www.lycee-emileroux.fr\/\" target=\"_blank\" rel=\"noreferrer noopener\"> https:\/\/www.lycee-emileroux.fr\/<\/a><\/p>\n\n\n\n<figure class=\"wp-block-image size-full is-resized\"><img loading=\"lazy\" decoding=\"async\" width=\"829\" height=\"465\" src=\"http:\/\/dev.etagnac.fr\/wp-content\/uploads\/2021\/12\/870x489_capture_13.jpg\" alt=\"\" class=\"wp-image-501\" style=\"width:417px;height:234px\" srcset=\"https:\/\/www.etagnac.fr\/wp-content\/uploads\/2021\/12\/870x489_capture_13.jpg 829w, https:\/\/www.etagnac.fr\/wp-content\/uploads\/2021\/12\/870x489_capture_13-300x168.jpg 300w, https:\/\/www.etagnac.fr\/wp-content\/uploads\/2021\/12\/870x489_capture_13-768x431.jpg 768w\" sizes=\"auto, (max-width: 829px) 100vw, 829px\" \/><\/figure>\n\n\n\n<p><\/p>\n","protected":false},"excerpt":{"rendered":"<p>RPI ETAGNAC SAULGOND&nbsp; \u00c9cole d&rsquo;Etagnac (73 enfants)61 Grand Rue Maternelle : 05.45.89.08.98 Mlle Chrystelle MAUTRE : TPS, PS et MS MS Mme \u00c9milie REILLES : GS&nbsp;et CP \u00c9l\u00e9mentaire : 05.45.89.10.87 [&hellip;]<\/p>\n","protected":false},"author":1,"featured_media":0,"parent":0,"menu_order":0,"comment_status":"closed","ping_status":"closed","template":"","meta":{"footnotes":""},"class_list":["post-19","page","type-page","status-publish","hentry"],"_links":{"self":[{"href":"https:\/\/www.etagnac.fr\/index.php?rest_route=\/wp\/v2\/pages\/19","targetHints":{"allow":["GET"]}}],"collection":[{"href":"https:\/\/www.etagnac.fr\/index.php?rest_route=\/wp\/v2\/pages"}],"about":[{"href":"https:\/\/www.etagnac.fr\/index.php?rest_route=\/wp\/v2\/types\/page"}],"author":[{"embeddable":true,"href":"https:\/\/www.etagnac.fr\/index.php?rest_route=\/wp\/v2\/users\/1"}],"replies":[{"embeddable":true,"href":"https:\/\/www.etagnac.fr\/index.php?rest_route=%2Fwp%2Fv2%2Fcomments&post=19"}],"version-history":[{"count":23,"href":"https:\/\/www.etagnac.fr\/index.php?rest_route=\/wp\/v2\/pages\/19\/revisions"}],"predecessor-version":[{"id":2172,"href":"https:\/\/www.etagnac.fr\/index.php?rest_route=\/wp\/v2\/pages\/19\/revisions\/2172"}],"wp:attachment":[{"href":"https:\/\/www.etagnac.fr\/index.php?rest_route=%2Fwp%2Fv2%2Fmedia&parent=19"}],"curies":[{"name":"wp","href":"https:\/\/api.w.org\/{rel}","templated":true}]}}