{"id":20,"date":"2021-08-10T14:54:00","date_gmt":"2021-08-10T14:54:00","guid":{"rendered":"http:\/\/dev.etagnac.fr\/?page_id=20"},"modified":"2023-03-16T15:56:25","modified_gmt":"2023-03-16T14:56:25","slug":"salle-des-fetes","status":"publish","type":"page","link":"https:\/\/www.etagnac.fr\/?page_id=20","title":{"rendered":"Salle des f\u00eates \u00ab\u00a0Charles Ducoudert\u00a0\u00bb"},"content":{"rendered":"\n<p><strong>La salle des f\u00eates Charles Ducoudert, 4 Grand Rue a une capacit\u00e9 d&rsquo;accueil de 300 personnes assises.<\/strong><\/p>\n\n\n\n<figure class=\"wp-block-gallery has-nested-images columns-default is-cropped wp-block-gallery-1 is-layout-flex wp-block-gallery-is-layout-flex\">\n<figure class=\"wp-block-image size-large\"><img loading=\"lazy\" decoding=\"async\" width=\"800\" height=\"534\" data-id=\"125\" src=\"http:\/\/dev.etagnac.fr\/wp-content\/uploads\/2021\/08\/salle-des-fe\u0302tes.jpg\" alt=\"\" class=\"wp-image-125\" srcset=\"https:\/\/www.etagnac.fr\/wp-content\/uploads\/2021\/08\/salle-des-fe\u0302tes.jpg 800w, https:\/\/www.etagnac.fr\/wp-content\/uploads\/2021\/08\/salle-des-fe\u0302tes-300x200.jpg 300w, https:\/\/www.etagnac.fr\/wp-content\/uploads\/2021\/08\/salle-des-fe\u0302tes-768x513.jpg 768w\" sizes=\"auto, (max-width: 800px) 100vw, 800px\" \/><\/figure>\n\n\n\n<figure class=\"wp-block-image size-large\"><img loading=\"lazy\" decoding=\"async\" width=\"800\" height=\"533\" data-id=\"126\" src=\"http:\/\/dev.etagnac.fr\/wp-content\/uploads\/2021\/08\/salle-des-fe\u0302tes22.jpg\" alt=\"\" class=\"wp-image-126\" srcset=\"https:\/\/www.etagnac.fr\/wp-content\/uploads\/2021\/08\/salle-des-fe\u0302tes22.jpg 800w, https:\/\/www.etagnac.fr\/wp-content\/uploads\/2021\/08\/salle-des-fe\u0302tes22-300x200.jpg 300w, https:\/\/www.etagnac.fr\/wp-content\/uploads\/2021\/08\/salle-des-fe\u0302tes22-768x512.jpg 768w\" sizes=\"auto, (max-width: 800px) 100vw, 800px\" \/><\/figure>\n\n\n\n<figure class=\"wp-block-image size-large\"><img loading=\"lazy\" decoding=\"async\" width=\"800\" height=\"529\" data-id=\"127\" src=\"http:\/\/dev.etagnac.fr\/wp-content\/uploads\/2021\/08\/salle-des-fe\u0302tese\u0301.jpg\" alt=\"\" class=\"wp-image-127\" srcset=\"https:\/\/www.etagnac.fr\/wp-content\/uploads\/2021\/08\/salle-des-fe\u0302tese\u0301.jpg 800w, https:\/\/www.etagnac.fr\/wp-content\/uploads\/2021\/08\/salle-des-fe\u0302tese\u0301-300x198.jpg 300w, https:\/\/www.etagnac.fr\/wp-content\/uploads\/2021\/08\/salle-des-fe\u0302tese\u0301-768x508.jpg 768w\" sizes=\"auto, (max-width: 800px) 100vw, 800px\" \/><\/figure>\n\n\n\n<figure class=\"wp-block-image size-large\"><img loading=\"lazy\" decoding=\"async\" width=\"800\" height=\"533\" data-id=\"128\" src=\"http:\/\/dev.etagnac.fr\/wp-content\/uploads\/2021\/08\/salle-des-fe\u0302tses.jpg\" alt=\"\" class=\"wp-image-128\" srcset=\"https:\/\/www.etagnac.fr\/wp-content\/uploads\/2021\/08\/salle-des-fe\u0302tses.jpg 800w, https:\/\/www.etagnac.fr\/wp-content\/uploads\/2021\/08\/salle-des-fe\u0302tses-300x200.jpg 300w, https:\/\/www.etagnac.fr\/wp-content\/uploads\/2021\/08\/salle-des-fe\u0302tses-768x512.jpg 768w\" sizes=\"auto, (max-width: 800px) 100vw, 800px\" \/><\/figure>\n\n\n\n<figure class=\"wp-block-image size-large\"><img loading=\"lazy\" decoding=\"async\" width=\"800\" height=\"465\" data-id=\"129\" src=\"http:\/\/dev.etagnac.fr\/wp-content\/uploads\/2021\/08\/sallefetes0.png\" alt=\"\" class=\"wp-image-129\" srcset=\"https:\/\/www.etagnac.fr\/wp-content\/uploads\/2021\/08\/sallefetes0.png 800w, https:\/\/www.etagnac.fr\/wp-content\/uploads\/2021\/08\/sallefetes0-300x174.png 300w, https:\/\/www.etagnac.fr\/wp-content\/uploads\/2021\/08\/sallefetes0-768x446.png 768w\" sizes=\"auto, (max-width: 800px) 100vw, 800px\" \/><\/figure>\n\n\n\n<figure class=\"wp-block-image size-large\"><img loading=\"lazy\" decoding=\"async\" width=\"800\" height=\"526\" data-id=\"130\" src=\"http:\/\/dev.etagnac.fr\/wp-content\/uploads\/2021\/08\/sallefetes20.png\" alt=\"\" class=\"wp-image-130\" srcset=\"https:\/\/www.etagnac.fr\/wp-content\/uploads\/2021\/08\/sallefetes20.png 800w, https:\/\/www.etagnac.fr\/wp-content\/uploads\/2021\/08\/sallefetes20-300x197.png 300w, https:\/\/www.etagnac.fr\/wp-content\/uploads\/2021\/08\/sallefetes20-768x505.png 768w\" sizes=\"auto, (max-width: 800px) 100vw, 800px\" \/><\/figure>\n<\/figure>\n\n\n\n<hr class=\"wp-block-separator has-alpha-channel-opacity\"\/>\n\n\n\n<p><a href=\"https:\/\/www.etagnac.fr\/wp-content\/uploads\/2021\/11\/TARIFS-CONVENTION-SALLE-DES-FETES2.pdf\" data-type=\"attachment\" data-id=\"352\" target=\"_blank\" rel=\"noreferrer noopener\">TARIFS-CONVENTION-SALLE-DES-FETES2<\/a><\/p>\n\n\n\n<figure class=\"wp-block-image size-large\"><img loading=\"lazy\" decoding=\"async\" width=\"724\" height=\"1024\" src=\"https:\/\/www.etagnac.fr\/wp-content\/uploads\/2023\/02\/1-TARIFS-SALLE-DES-FETES-2023-1-pdf-724x1024.jpg\" alt=\"\" class=\"wp-image-1219\"\/><\/figure>\n\n\n\n<p><a href=\"https:\/\/www.etagnac.fr\/wp-content\/uploads\/2021\/08\/SALLE_20DES_20FETES_20REGLEMENT_20INTERIEUR.pdf\" data-type=\"attachment\" data-id=\"132\" target=\"_blank\" rel=\"noreferrer noopener\">R\u00e8glement int\u00e9rieur salle des f\u00eates<\/a><\/p>\n\n\n\n<div class=\"wp-block-buttons is-layout-flex wp-block-buttons-is-layout-flex\">\n<div class=\"wp-block-button has-custom-width wp-block-button__width-25 is-style-outline is-style-outline--2\"><a class=\"wp-block-button__link wp-element-button\" href=\"https:\/\/www.etagnac.fr\/wp-content\/uploads\/2021\/08\/SALLE_20DES_20FETES_20REGLEMENT_20INTERIEUR.pdf\" target=\"_blank\" rel=\"noreferrer noopener\">T\u00e9l\u00e9chargez<\/a><\/div>\n<\/div>\n\n\n\n<figure class=\"wp-block-image size-full\"><img loading=\"lazy\" decoding=\"async\" width=\"888\" height=\"429\" src=\"https:\/\/www.etagnac.fr\/wp-content\/uploads\/2022\/06\/Re\u0301glement-salle-des-fe\u0302tes.jpg\" alt=\"\" class=\"wp-image-705\" srcset=\"https:\/\/www.etagnac.fr\/wp-content\/uploads\/2022\/06\/Re\u0301glement-salle-des-fe\u0302tes.jpg 888w, https:\/\/www.etagnac.fr\/wp-content\/uploads\/2022\/06\/Re\u0301glement-salle-des-fe\u0302tes-300x145.jpg 300w, https:\/\/www.etagnac.fr\/wp-content\/uploads\/2022\/06\/Re\u0301glement-salle-des-fe\u0302tes-768x371.jpg 768w\" sizes=\"auto, (max-width: 888px) 100vw, 888px\" \/><\/figure>\n","protected":false},"excerpt":{"rendered":"<p>La salle des f\u00eates Charles Ducoudert, 4 Grand Rue a une capacit\u00e9 d&rsquo;accueil de 300 personnes assises. TARIFS-CONVENTION-SALLE-DES-FETES2 R\u00e8glement int\u00e9rieur salle des f\u00eates<\/p>\n","protected":false},"author":1,"featured_media":0,"parent":0,"menu_order":0,"comment_status":"closed","ping_status":"closed","template":"","meta":{"footnotes":""},"class_list":["post-20","page","type-page","status-publish","hentry"],"_links":{"self":[{"href":"https:\/\/www.etagnac.fr\/index.php?rest_route=\/wp\/v2\/pages\/20","targetHints":{"allow":["GET"]}}],"collection":[{"href":"https:\/\/www.etagnac.fr\/index.php?rest_route=\/wp\/v2\/pages"}],"about":[{"href":"https:\/\/www.etagnac.fr\/index.php?rest_route=\/wp\/v2\/types\/page"}],"author":[{"embeddable":true,"href":"https:\/\/www.etagnac.fr\/index.php?rest_route=\/wp\/v2\/users\/1"}],"replies":[{"embeddable":true,"href":"https:\/\/www.etagnac.fr\/index.php?rest_route=%2Fwp%2Fv2%2Fcomments&post=20"}],"version-history":[{"count":10,"href":"https:\/\/www.etagnac.fr\/index.php?rest_route=\/wp\/v2\/pages\/20\/revisions"}],"predecessor-version":[{"id":1358,"href":"https:\/\/www.etagnac.fr\/index.php?rest_route=\/wp\/v2\/pages\/20\/revisions\/1358"}],"wp:attachment":[{"href":"https:\/\/www.etagnac.fr\/index.php?rest_route=%2Fwp%2Fv2%2Fmedia&parent=20"}],"curies":[{"name":"wp","href":"https:\/\/api.w.org\/{rel}","templated":true}]}}