{"id":535,"date":"2022-01-11T15:27:51","date_gmt":"2022-01-11T15:27:51","guid":{"rendered":"http:\/\/dev.etagnac.fr\/?page_id=535"},"modified":"2022-02-16T16:49:59","modified_gmt":"2022-02-16T16:49:59","slug":"agenda","status":"publish","type":"page","link":"https:\/\/www.etagnac.fr\/?page_id=535","title":{"rendered":"Agenda"},"content":{"rendered":"\n<p><\/p>\n\n\n\n<div  class=\"tribe-compatibility-container\" >\n\t<div\n\t\t class=\"tribe-common tribe-events tribe-events-view tribe-events-view--widget-events-list tribe-events-widget\" \t\tdata-js=\"tribe-events-view\"\n\t\tdata-view-rest-url=\"https:\/\/www.etagnac.fr\/index.php?rest_route=\/tribe\/views\/v2\/html\"\n\t\tdata-view-manage-url=\"1\"\n\t\t\t\t\t\t\tdata-view-breakpoint-pointer=\"009047e4-71c3-4b13-a571-6d082ca0e961\"\n\t\t\t>\n\t\t<div class=\"tribe-events-widget-events-list\">\n\n\t\t\t<script type=\"application\/ld+json\">\r\n[{\"@context\":\"http:\/\/schema.org\",\"@type\":\"Event\",\"name\":\"CEREMONIE DU 08 MAI\",\"description\":\"&lt;p&gt;C\\u00e9r\\u00e9monie du 08 mai La c\\u00e9r\\u00e9monie de comm\\u00e9moration du 08 mai \\u00e0 Etagnac aura lieu \\u00e0 10h30 en pr\\u00e9sence de la Banda de Chabanais. Le d\\u00e9fil\\u00e9 partira de la mairie [&hellip;]&lt;\/p&gt;\\\\n\",\"image\":\"https:\/\/www.etagnac.fr\/wp-content\/uploads\/2025\/05\/telechargement-1.jpg\",\"url\":\"https:\/\/www.etagnac.fr\/?tribe_events=ceremonie-du-08-mai\",\"eventAttendanceMode\":\"https:\/\/schema.org\/OfflineEventAttendanceMode\",\"eventStatus\":\"https:\/\/schema.org\/EventScheduled\",\"startDate\":\"2026-05-08T10:30:00+02:00\",\"endDate\":\"2026-05-08T12:00:00+02:00\",\"location\":{\"@type\":\"Place\",\"name\":\"Salle des f\\u00eates d&rsquo;Etagnac\",\"description\":\"\",\"url\":\"\",\"address\":{\"@type\":\"PostalAddress\",\"postalCode\":\"16150\",\"addressCountry\":\"France\"},\"telephone\":\"\",\"sameAs\":\"\"},\"organizer\":{\"@type\":\"Person\",\"name\":\"Commune d&rsquo;Etagnac\",\"description\":\"\",\"url\":\"\",\"telephone\":\"\",\"email\":\"\",\"sameAs\":\"\"},\"performer\":\"Organization\"},{\"@context\":\"http:\/\/schema.org\",\"@type\":\"Event\",\"name\":\"ENDURO CARPES DU VENDREDI 05 AU DIMANCHE 07 JUIN\",\"description\":\"&lt;p&gt;Enduro Carpes Organis\\u00e9 par l\\\\'association Passion P\\u00eache Du vendredi 05 au dimanche 07 juin Plus d\\\\'infos \\u00e0 venir&lt;\/p&gt;\\\\n\",\"image\":\"https:\/\/www.etagnac.fr\/wp-content\/uploads\/2025\/05\/telechargement.jpg\",\"url\":\"https:\/\/www.etagnac.fr\/?tribe_events=enduro-carpes-du-vendredi-05-au-dimanche-07-juin\",\"eventAttendanceMode\":\"https:\/\/schema.org\/OfflineEventAttendanceMode\",\"eventStatus\":\"https:\/\/schema.org\/EventScheduled\",\"startDate\":\"2026-06-05T08:00:00+02:00\",\"endDate\":\"2026-06-07T17:00:00+02:00\",\"location\":{\"@type\":\"Place\",\"name\":\"Etang de la F\\u00e9culerie\",\"description\":\"\",\"url\":\"\",\"address\":{\"@type\":\"PostalAddress\"},\"telephone\":\"\",\"sameAs\":\"\"},\"organizer\":{\"@type\":\"Person\",\"name\":\"Association Passion P\\u00eache\",\"description\":\"\",\"url\":\"\",\"telephone\":\"\",\"email\":\"\",\"sameAs\":\"\"},\"performer\":\"Organization\"},{\"@context\":\"http:\/\/schema.org\",\"@type\":\"Event\",\"name\":\"INTERCLUB SUR LE THEME MODELISME ETAGNAC 4 ET 5 JUILLET\",\"description\":\"&lt;p&gt;Interclub sur le th\\u00e8me militaire le week-end du 4-5 juillet 2026 sur \\u00e0 Etagnac (16), piste en herbe de 300x20m.Pour le samedi soir, un hangar et un tivoli seront \\u00e0 [&hellip;]&lt;\/p&gt;\\\\n\",\"image\":\"https:\/\/www.etagnac.fr\/wp-content\/uploads\/2026\/04\/629240971_1316056180547969_3567067333787847213_n.jpg\",\"url\":\"https:\/\/www.etagnac.fr\/?tribe_events=interclub-sur-le-theme-modelisme-etagnac-4-et-5-juillet\",\"eventAttendanceMode\":\"https:\/\/schema.org\/OfflineEventAttendanceMode\",\"eventStatus\":\"https:\/\/schema.org\/EventScheduled\",\"startDate\":\"2026-07-04T00:00:00+02:00\",\"endDate\":\"2026-07-05T23:59:59+02:00\",\"location\":{\"@type\":\"Place\",\"name\":\"Terrain de Marchesson\",\"description\":\"\",\"url\":\"\",\"address\":{\"@type\":\"PostalAddress\"},\"telephone\":\"\",\"sameAs\":\"\"},\"organizer\":{\"@type\":\"Person\",\"name\":\"Les ailes d&rsquo;Etagnac\",\"description\":\"\",\"url\":\"\",\"telephone\":\"\",\"email\":\"\",\"sameAs\":\"\"},\"performer\":\"Organization\"}]\r\n<\/script>\n\t\t\t<script data-js=\"tribe-events-view-data\" type=\"application\/json\">\n\t{\"slug\":\"widget-events-list\",\"prev_url\":\"\",\"next_url\":\"\",\"view_class\":\"Tribe\\\\Events\\\\Views\\\\V2\\\\Views\\\\Widgets\\\\Widget_List_View\",\"view_slug\":\"widget-events-list\",\"view_label\":\"View\",\"view\":null,\"should_manage_url\":true,\"id\":null,\"alias-slugs\":null,\"title\":\"\\u00c9v\\u00e8nements depuis avril 29 \\u2013 juillet 4 \\u2013 Etagnac \\u2013 Site officiel\",\"limit\":\"10\",\"no_upcoming_events\":false,\"featured_events_only\":false,\"jsonld_enable\":true,\"tribe_is_list_widget\":false,\"admin_fields\":{\"title\":{\"label\":\"Titre\\u00a0:\",\"type\":\"text\",\"parent_classes\":\"\",\"classes\":\"\",\"dependency\":\"\",\"id\":\"widget-tribe-widget-events-list--1-title\",\"name\":\"widget-tribe-widget-events-list[-1][title]\",\"options\":[],\"placeholder\":\"\",\"value\":null},\"limit\":{\"label\":\"Afficher\\u00a0:\",\"type\":\"number\",\"default\":5,\"min\":1,\"max\":10,\"step\":1,\"parent_classes\":\"\",\"classes\":\"\",\"dependency\":\"\",\"id\":\"widget-tribe-widget-events-list--1-limit\",\"name\":\"widget-tribe-widget-events-list[-1][limit]\",\"options\":[],\"placeholder\":\"\",\"value\":null},\"no_upcoming_events\":{\"label\":\"Cacher ce widget s\\u2019il n\\u2019y a pas d\\u2019\\u00e9v\\u00e8nements \\u00e0 venir.\",\"type\":\"checkbox\",\"parent_classes\":\"\",\"classes\":\"\",\"dependency\":\"\",\"id\":\"widget-tribe-widget-events-list--1-no_upcoming_events\",\"name\":\"widget-tribe-widget-events-list[-1][no_upcoming_events]\",\"options\":[],\"placeholder\":\"\",\"value\":null},\"featured_events_only\":{\"label\":\"Limiter uniquement pour les \\u00e9v\\u00e8nements mis en avant\",\"type\":\"checkbox\",\"parent_classes\":\"\",\"classes\":\"\",\"dependency\":\"\",\"id\":\"widget-tribe-widget-events-list--1-featured_events_only\",\"name\":\"widget-tribe-widget-events-list[-1][featured_events_only]\",\"options\":[],\"placeholder\":\"\",\"value\":null},\"jsonld_enable\":{\"label\":\"G\\u00e9n\\u00e9rer les donn\\u00e9es JSON-LD\",\"type\":\"checkbox\",\"parent_classes\":\"\",\"classes\":\"\",\"dependency\":\"\",\"id\":\"widget-tribe-widget-events-list--1-jsonld_enable\",\"name\":\"widget-tribe-widget-events-list[-1][jsonld_enable]\",\"options\":[],\"placeholder\":\"\",\"value\":null}},\"events\":[2516,2518,2551],\"url\":\"https:\\\/\\\/www.etagnac.fr\\\/?post_type=tribe_events&eventDisplay=widget-events-list\",\"url_event_date\":false,\"bar\":{\"keyword\":\"\",\"date\":\"\"},\"today\":\"2026-04-29 00:00:00\",\"now\":\"2026-04-29 06:28:55\",\"home_url\":\"https:\\\/\\\/www.etagnac.fr\",\"rest_url\":\"https:\\\/\\\/www.etagnac.fr\\\/index.php?rest_route=\\\/tribe\\\/views\\\/v2\\\/html\",\"rest_method\":\"GET\",\"rest_nonce\":\"\",\"today_url\":\"https:\\\/\\\/www.etagnac.fr\\\/?post_type=tribe_events&eventDisplay=widget-events-list\",\"today_title\":\"Cliquer pour s\\u00e9lectionner la date du jour\",\"today_label\":\"Aujourd\\u2019hui\",\"prev_label\":\"\",\"next_label\":\"\",\"date_formats\":{\"compact\":\"d\\\/m\\\/Y\",\"month_and_year_compact\":\"m\\\/Y\",\"month_and_year\":\"F Y\",\"time_range_separator\":\" - \",\"date_time_separator\":\" \\\/\"},\"messages\":[],\"start_of_week\":\"1\",\"header_title\":\"\",\"header_title_element\":\"h1\",\"content_title\":\"\",\"show_content_title\":false,\"breadcrumbs\":[],\"backlink\":false,\"before_events\":\"\",\"after_events\":\"\\n<!--\\nThis calendar is powered by The Events Calendar.\\nhttp:\\\/\\\/evnt.is\\\/18wn\\n-->\\n\",\"display_events_bar\":false,\"disable_event_search\":false,\"live_refresh\":true,\"ical\":{\"display_link\":true,\"link\":{\"url\":\"https:\\\/\\\/www.etagnac.fr\\\/?post_type=tribe_events&#038;eventDisplay=widget-events-list&#038;ical=1\",\"text\":\"Exporter \\u00c9v\\u00e8nements\",\"title\":\"Utilisez ceci pour partager les donn\\u00e9es de calendrier avec Google Calendar, Apple iCal et d\\u2019autres applications compatibles\"}},\"container_classes\":[\"tribe-common\",\"tribe-events\",\"tribe-events-view\",\"tribe-events-view--widget-events-list\",\"tribe-events-widget\"],\"container_data\":[],\"is_past\":false,\"breakpoints\":{\"xsmall\":500,\"medium\":768,\"full\":960},\"breakpoint_pointer\":\"009047e4-71c3-4b13-a571-6d082ca0e961\",\"is_initial_load\":false,\"public_views\":{\"list\":{\"view_class\":\"Tribe\\\\Events\\\\Views\\\\V2\\\\Views\\\\List_View\",\"view_url\":\"https:\\\/\\\/www.etagnac.fr\\\/?post_type=tribe_events&eventDisplay=list\",\"view_label\":\"Liste\",\"aria_label\":\"Display \\u00c9v\\u00e8nements in Liste View\"},\"month\":{\"view_class\":\"Tribe\\\\Events\\\\Views\\\\V2\\\\Views\\\\Month_View\",\"view_url\":\"https:\\\/\\\/www.etagnac.fr\\\/?post_type=tribe_events&eventDisplay=month\",\"view_label\":\"Mois\",\"aria_label\":\"Display \\u00c9v\\u00e8nements in Mois View\"},\"day\":{\"view_class\":\"Tribe\\\\Events\\\\Views\\\\V2\\\\Views\\\\Day_View\",\"view_url\":\"https:\\\/\\\/www.etagnac.fr\\\/?post_type=tribe_events&eventDisplay=day\",\"view_label\":\"Jour\",\"aria_label\":\"Display \\u00c9v\\u00e8nements in Jour View\"}},\"show_latest_past\":false,\"past\":false,\"compatibility_classes\":[\"tribe-compatibility-container\"],\"view_more_text\":\"Voir le calendrier\",\"view_more_title\":\"Voir plus d\\u2019\\u00e9v\\u00e8nements.\",\"view_more_link\":\"https:\\\/\\\/www.etagnac.fr\",\"widget_title\":\"\\u00c9v\\u00e8nements \\u00e0 venir\",\"hide_if_no_upcoming_events\":false,\"display\":[],\"subscribe_links\":{\"gcal\":{\"label\":\"Google Agenda\",\"single_label\":\"Ajouter \\u00e0 Google Agenda\",\"visible\":true,\"block_slug\":\"hasGoogleCalendar\"},\"ical\":{\"label\":\"iCalendar\",\"single_label\":\"Ajouter \\u00e0 iCalendar\",\"visible\":true,\"block_slug\":\"hasiCal\"},\"outlook-365\":{\"label\":\"Outlook 365\",\"single_label\":\"Outlook 365\",\"visible\":true,\"block_slug\":\"hasOutlook365\"},\"outlook-live\":{\"label\":\"Outlook Live\",\"single_label\":\"Outlook Live\",\"visible\":true,\"block_slug\":\"hasOutlookLive\"},\"ics\":{\"label\":\"Exporter le fichier .ics\",\"single_label\":\"Exporter le fichier .ics\",\"visible\":true,\"block_slug\":null},\"outlook-ics\":{\"label\":\"Exporter le fichier Outlook .ics\",\"single_label\":\"Exporter le fichier Outlook .ics\",\"visible\":true,\"block_slug\":null}},\"_context\":{\"slug\":\"widget-events-list\"}}<\/script>\n\n\t\t\t\t\t\t\t<header class=\"tribe-events-widget-events-list__header\">\n\t\t\t\t\t<h2 class=\"tribe-events-widget-events-list__header-title tribe-common-h6 tribe-common-h--alt\">\n\t\t\t\t\t\t\u00c9v\u00e8nements \u00e0 venir\t\t\t\t\t<\/h2>\n\t\t\t\t<\/header>\n\t\t\t\n\t\t\t\n\t\t\t\t<div class=\"tribe-events-widget-events-list__events\">\n\t\t\t\t\t\t\t\t\t\t\t<div  class=\"tribe-common-g-row tribe-events-widget-events-list__event-row\" >\n\n\t<div class=\"tribe-events-widget-events-list__event-date-tag tribe-common-g-col\">\n\t<time class=\"tribe-events-widget-events-list__event-date-tag-datetime\" datetime=\"2026-05-08\">\n\t\t<span class=\"tribe-events-widget-events-list__event-date-tag-month\">\n\t\t\tMai\t\t<\/span>\n\t\t<span class=\"tribe-events-widget-events-list__event-date-tag-daynum tribe-common-h2 tribe-common-h4--min-medium\">\n\t\t\t8\t\t<\/span>\n\t<\/time>\n<\/div>\n\n\t<div class=\"tribe-events-widget-events-list__event-wrapper tribe-common-g-col\">\n\t\t<article  class=\"tribe-events-widget-events-list__event post-2516 tribe_events type-tribe_events status-publish has-post-thumbnail hentry\" >\n\t\t\t<div class=\"tribe-events-widget-events-list__event-details\">\n\n\t\t\t\t<header class=\"tribe-events-widget-events-list__event-header\">\n\t\t\t\t\t<div class=\"tribe-events-widget-events-list__event-datetime-wrapper tribe-common-b2 tribe-common-b3--min-medium\">\n\t\t<time class=\"tribe-events-widget-events-list__event-datetime\" datetime=\"2026-05-08\">\n\t\t<span class=\"tribe-event-date-start\">10h30<\/span> &#8211; <span class=\"tribe-event-time\">12h00<\/span>\t<\/time>\n\t<\/div>\n\t\t\t\t\t<h3 class=\"tribe-events-widget-events-list__event-title tribe-common-h7\">\n\t<a\n\t\thref=\"https:\/\/www.etagnac.fr\/?tribe_events=ceremonie-du-08-mai\"\n\t\ttitle=\"CEREMONIE DU 08 MAI\"\n\t\trel=\"bookmark\"\n\t\tclass=\"tribe-events-widget-events-list__event-title-link tribe-common-anchor-thin\"\n\t>\n\t\tCEREMONIE DU 08 MAI\t<\/a>\n<\/h3>\n\t\t\t\t<\/header>\n\n\t\t\t\t\n\t\t\t<\/div>\n\t\t<\/article>\n\t<\/div>\n\n<\/div>\n\t\t\t\t\t\t\t\t\t\t\t<div  class=\"tribe-common-g-row tribe-events-widget-events-list__event-row\" >\n\n\t<div class=\"tribe-events-widget-events-list__event-date-tag tribe-common-g-col\">\n\t<time class=\"tribe-events-widget-events-list__event-date-tag-datetime\" datetime=\"2026-06-05\">\n\t\t<span class=\"tribe-events-widget-events-list__event-date-tag-month\">\n\t\t\tJuin\t\t<\/span>\n\t\t<span class=\"tribe-events-widget-events-list__event-date-tag-daynum tribe-common-h2 tribe-common-h4--min-medium\">\n\t\t\t5\t\t<\/span>\n\t<\/time>\n<\/div>\n\n\t<div class=\"tribe-events-widget-events-list__event-wrapper tribe-common-g-col\">\n\t\t<article  class=\"tribe-events-widget-events-list__event post-2518 tribe_events type-tribe_events status-publish has-post-thumbnail hentry\" >\n\t\t\t<div class=\"tribe-events-widget-events-list__event-details\">\n\n\t\t\t\t<header class=\"tribe-events-widget-events-list__event-header\">\n\t\t\t\t\t<div class=\"tribe-events-widget-events-list__event-datetime-wrapper tribe-common-b2 tribe-common-b3--min-medium\">\n\t\t<time class=\"tribe-events-widget-events-list__event-datetime\" datetime=\"2026-06-05\">\n\t\t<span class=\"tribe-event-date-start\">juin 5 \/8h00<\/span> &#8211; <span class=\"tribe-event-date-end\">juin 7 \/17h00<\/span>\t<\/time>\n\t<\/div>\n\t\t\t\t\t<h3 class=\"tribe-events-widget-events-list__event-title tribe-common-h7\">\n\t<a\n\t\thref=\"https:\/\/www.etagnac.fr\/?tribe_events=enduro-carpes-du-vendredi-05-au-dimanche-07-juin\"\n\t\ttitle=\"ENDURO CARPES DU VENDREDI 05 AU DIMANCHE 07 JUIN\"\n\t\trel=\"bookmark\"\n\t\tclass=\"tribe-events-widget-events-list__event-title-link tribe-common-anchor-thin\"\n\t>\n\t\tENDURO CARPES DU VENDREDI 05 AU DIMANCHE 07 JUIN\t<\/a>\n<\/h3>\n\t\t\t\t<\/header>\n\n\t\t\t\t\n\t\t\t<\/div>\n\t\t<\/article>\n\t<\/div>\n\n<\/div>\n\t\t\t\t\t\t\t\t\t\t\t<div  class=\"tribe-common-g-row tribe-events-widget-events-list__event-row tribe-events-widget-events-list__event-row--featured\" >\n\n\t<div class=\"tribe-events-widget-events-list__event-date-tag tribe-common-g-col\">\n\t<time class=\"tribe-events-widget-events-list__event-date-tag-datetime\" datetime=\"2026-07-04\">\n\t\t<span class=\"tribe-events-widget-events-list__event-date-tag-month\">\n\t\t\tJuil\t\t<\/span>\n\t\t<span class=\"tribe-events-widget-events-list__event-date-tag-daynum tribe-common-h2 tribe-common-h4--min-medium\">\n\t\t\t4\t\t<\/span>\n\t<\/time>\n<\/div>\n\n\t<div class=\"tribe-events-widget-events-list__event-wrapper tribe-common-g-col\">\n\t\t<article  class=\"tribe-events-widget-events-list__event post-2551 tribe_events type-tribe_events status-publish has-post-thumbnail hentry tribe_events_cat-agenda-des-manifestations\" >\n\t\t\t<div class=\"tribe-events-widget-events-list__event-details\">\n\n\t\t\t\t<header class=\"tribe-events-widget-events-list__event-header\">\n\t\t\t\t\t<div class=\"tribe-events-widget-events-list__event-datetime-wrapper tribe-common-b2 tribe-common-b3--min-medium\">\n\t<em class=\"tribe-events-widget-events-list__event-datetime-featured-icon\">\n\t<svg\n\t class=\"tribe-common-c-svgicon tribe-common-c-svgicon--featured tribe-events-widget-events-list__event-datetime-featured-icon-svg\" \taria-hidden=\"true\"\n\tviewBox=\"0 0 8 10\"\n\txmlns=\"http:\/\/www.w3.org\/2000\/svg\"\n>\n\t<path fill-rule=\"evenodd\" clip-rule=\"evenodd\" d=\"M0 0h8v10L4.049 7.439 0 10V0z\"\/>\n<\/svg>\n<\/em>\n<span class=\"tribe-events-widget-events-list__event-datetime-featured-text tribe-common-a11y-visual-hide\">\n\tMis en avant<\/span>\n\t<time class=\"tribe-events-widget-events-list__event-datetime\" datetime=\"2026-07-04\">\n\t\t<span class=\"tribe-event-date-start\">juillet 4<\/span> &#8211; <span class=\"tribe-event-date-end\">juillet 5<\/span>\t<\/time>\n\t<\/div>\n\t\t\t\t\t<h3 class=\"tribe-events-widget-events-list__event-title tribe-common-h7\">\n\t<a\n\t\thref=\"https:\/\/www.etagnac.fr\/?tribe_events=interclub-sur-le-theme-modelisme-etagnac-4-et-5-juillet\"\n\t\ttitle=\"INTERCLUB SUR LE THEME MODELISME ETAGNAC 4 ET 5 JUILLET\"\n\t\trel=\"bookmark\"\n\t\tclass=\"tribe-events-widget-events-list__event-title-link tribe-common-anchor-thin\"\n\t>\n\t\tINTERCLUB SUR LE THEME MODELISME ETAGNAC 4 ET 5 JUILLET\t<\/a>\n<\/h3>\n\t\t\t\t<\/header>\n\n\t\t\t\t\n\t\t\t<\/div>\n\t\t<\/article>\n\t<\/div>\n\n<\/div>\n\t\t\t\t\t\t\t\t\t<\/div>\n\n\t\t\t\t<div class=\"tribe-events-widget-events-list__view-more tribe-common-b1 tribe-common-b2--min-medium\">\n\t<a\n\t\thref=\"https:\/\/www.etagnac.fr\"\n\t\tclass=\"tribe-events-widget-events-list__view-more-link tribe-common-anchor-thin\"\n\t\ttitle=\"Voir plus d\u2019\u00e9v\u00e8nements.\"\n\t>\n\t\tVoir le calendrier\t<\/a>\n<\/div>\n\n\t\t\t\t\t<\/div>\n\t<\/div>\n<\/div>\n<script data-js='tribe-events-view-nonce-data' type='application\/json'>{\"tvn1\":\"c10846aaa0\",\"tvn2\":\"\"}<\/script>\n\n\n\n<p><\/p>\n","protected":false},"excerpt":{"rendered":"","protected":false},"author":1,"featured_media":0,"parent":0,"menu_order":0,"comment_status":"closed","ping_status":"closed","template":"","meta":{"footnotes":""},"class_list":["post-535","page","type-page","status-publish","hentry"],"_links":{"self":[{"href":"https:\/\/www.etagnac.fr\/index.php?rest_route=\/wp\/v2\/pages\/535","targetHints":{"allow":["GET"]}}],"collection":[{"href":"https:\/\/www.etagnac.fr\/index.php?rest_route=\/wp\/v2\/pages"}],"about":[{"href":"https:\/\/www.etagnac.fr\/index.php?rest_route=\/wp\/v2\/types\/page"}],"author":[{"embeddable":true,"href":"https:\/\/www.etagnac.fr\/index.php?rest_route=\/wp\/v2\/users\/1"}],"replies":[{"embeddable":true,"href":"https:\/\/www.etagnac.fr\/index.php?rest_route=%2Fwp%2Fv2%2Fcomments&post=535"}],"version-history":[{"count":14,"href":"https:\/\/www.etagnac.fr\/index.php?rest_route=\/wp\/v2\/pages\/535\/revisions"}],"predecessor-version":[{"id":748,"href":"https:\/\/www.etagnac.fr\/index.php?rest_route=\/wp\/v2\/pages\/535\/revisions\/748"}],"wp:attachment":[{"href":"https:\/\/www.etagnac.fr\/index.php?rest_route=%2Fwp%2Fv2%2Fmedia&parent=535"}],"curies":[{"name":"wp","href":"https:\/\/api.w.org\/{rel}","templated":true}]}}