{"id":69,"date":"2021-08-10T15:24:01","date_gmt":"2021-08-10T15:24:01","guid":{"rendered":"http:\/\/dev.etagnac.fr\/?page_id=69"},"modified":"2024-09-20T11:40:01","modified_gmt":"2024-09-20T09:40:01","slug":"accueil-2","status":"publish","type":"page","link":"https:\/\/www.etagnac.fr\/","title":{"rendered":"Bienvenue \u00e0 Etagnac, site officiel"},"content":{"rendered":"\n<p><strong><u>Le Mot du Maire<\/u><\/strong><\/p>\n\n\n\n<div style=\"height:50px\" aria-hidden=\"true\" class=\"wp-block-spacer\"><\/div>\n\n\n\n<p>Le Conseil Municipal et moi-m\u00eame sommes heureux de vous accueillir sur le site de la commune d\u2019Etagnac.<\/p>\n\n\n\n<p>Notre commune est situ\u00e9e au c\u0153ur de la Charente-Limousine, au carrefour de la RN141, entre Limoges (40 km) et Angoul\u00eame (60 km), et la RD 948 qui relie Limoges \u00e0 Niort et Nantes.<\/p>\n\n\n\n<p>En parcourant ce site, vous d\u00e9couvrirez une commune vivante, attractive et accueillante, qui se d\u00e9veloppe gr\u00e2ce \u00e0 son activit\u00e9 aussi bien agricole qu\u2019industrielle et artisanale ainsi qu\u2019\u00e0 ses commerces. La commune a en effet la chance d\u2019avoir sur son territoire des entreprises et de nombreux artisans ainsi que des commerces. Nous avons en effet un restaurant, un bar, une boucherie, une boulangerie et une poste o\u00f9 en plus de tous les services postaux, vous trouverez non seulement ce dont vous avez besoin mais \u00e9galement ce qui vous fait r\u00eaver.<\/p>\n\n\n\n<p>L\u2019\u00e9cole d\u2019Etagnac, qui est en RPI avec celle de Saulgond, offre \u00e0 ses enfants tous les \u00e9quipements p\u00e9dagogiques les plus modernes, tels que vid\u00e9os projecteurs interactifs VPI et ordinateurs. L\u2019ambition de notre commune est de permettre en effet aux enfants de pr\u00e9parer leur avenir afin qu\u2019il soit le meilleur possible.<\/p>\n\n\n\n<p>Vous verrez en d\u00e9couvrant ce site que la vie associative \u00e0 Etagnac est tr\u00e8s dynamique et je tiens \u00e0 remercier tous les b\u00e9n\u00e9voles qui permettent \u00e0 Etagnac d\u2019\u00eatre une commune vivante.<\/p>\n\n\n\n<p>J\u2019esp\u00e8re que ce site vous permettra de r\u00e9aliser que notre commune est belle et vous offrira le d\u00e9sir d\u2019y venir et, encore mieux, d\u2019y vivre et si c\u2019est le cas, sachez que vous y serez toujours les bienvenus et que vous y trouverez le bonheur.<\/p>\n\n\n\n<p><\/p>\n\n\n\n<div class=\"wp-block-media-text alignwide has-media-on-the-right is-stacked-on-mobile\" style=\"grid-template-columns:auto 20%\"><div class=\"wp-block-media-text__content\">\n<p><\/p>\n<\/div><figure class=\"wp-block-media-text__media\"><img loading=\"lazy\" decoding=\"async\" width=\"298\" height=\"169\" src=\"https:\/\/www.etagnac.fr\/wp-content\/uploads\/2022\/10\/signature-maire-22.jpg\" alt=\"\" class=\"wp-image-1094 size-large\"\/><\/figure><\/div>\n\n\n\n<hr class=\"wp-block-separator has-alpha-channel-opacity\"\/>\n\n\n\n<p>Vous pouvez nous suivre sur notre page facebook <\/p>\n\n\n\n<p><a href=\"https:\/\/www.facebook.com\/profile.php?id=100087430253260\" data-type=\"link\" data-id=\"https:\/\/www.facebook.com\/profile.php?id=100087430253260\">https:\/\/www.facebook.com\/profile.php?id=100087430253260<\/a><\/p>\n\n\n\n<hr class=\"wp-block-separator has-alpha-channel-opacity\"\/>\n\n\n\n<p>Etagnac est situ\u00e9e dans le d\u00e9partement de la Charente, en r\u00e9gion Poitou-Charentes,<br>et fait partie de la communaut\u00e9 de communes de Charente Limousine.<\/p>\n\n\n\n<p><\/p>\n\n\n\n<p>Ses habitants, au nombre de 986, sont les Etagnacois et Etagnacoises.<\/p>\n\n\n\n<p><\/p>\n\n\n\n<p>La commune, bien qu\u2019\u00e0 63 km d\u2019Angoul\u00eame, n\u2019est qu\u2019\u00e0 37 km de Limoges<br>et 10 km de Saint-Junien (toutes deux en Haute-Vienne).<\/p>\n\n\n\n<p><\/p>\n\n\n\n<p>Etagnac est dynamique : des manifestations y ont lieu tout au long de l\u2019ann\u00e9e.<\/p>\n\n\n\n<p><\/p>\n\n\n\n<p>Sur le plan touristique, elle est id\u00e9alement situ\u00e9e. <br>En effet, nombreux sont les sites \u00e0 visiter alentours.<\/p>\n\n\n\n<p><\/p>\n\n\n\n<p>Nous vous invitons \u00e0 d\u00e9couvrir notre histoire, notre patrimoine et notre vie locale en visitant notre site Internet, avant de venir nous rendre visite sur place, o\u00f9 vous serez les bienvenus.<\/p>\n\n\n\n<hr class=\"wp-block-separator has-alpha-channel-opacity\"\/>\n\n\n\n<p class=\"has-small-font-size\">Jardins des Terrasses au c\u0153ur du bourg <\/p>\n\n\n\n<figure class=\"wp-block-image size-large\"><img loading=\"lazy\" decoding=\"async\" width=\"1024\" height=\"472\" src=\"https:\/\/www.etagnac.fr\/wp-content\/uploads\/2022\/09\/20220920_145822-1-1024x472.jpg\" alt=\"\" class=\"wp-image-839\" srcset=\"https:\/\/www.etagnac.fr\/wp-content\/uploads\/2022\/09\/20220920_145822-1-1024x472.jpg 1024w, https:\/\/www.etagnac.fr\/wp-content\/uploads\/2022\/09\/20220920_145822-1-300x138.jpg 300w, https:\/\/www.etagnac.fr\/wp-content\/uploads\/2022\/09\/20220920_145822-1-768x354.jpg 768w, https:\/\/www.etagnac.fr\/wp-content\/uploads\/2022\/09\/20220920_145822-1-1536x709.jpg 1536w, https:\/\/www.etagnac.fr\/wp-content\/uploads\/2022\/09\/20220920_145822-1-2048x945.jpg 2048w\" sizes=\"auto, (max-width: 1024px) 100vw, 1024px\" \/><\/figure>\n\n\n\n<div style=\"height:25px\" aria-hidden=\"true\" class=\"wp-block-spacer\"><\/div>\n\n\n\n<p>Quelques types de v\u00e9g\u00e9taux plant\u00e9s dans les jardins des Terrasses<\/p>\n\n\n\n<div style=\"height:25px\" aria-hidden=\"true\" class=\"wp-block-spacer\"><\/div>\n\n\n\n<div class=\"wp-block-columns is-layout-flex wp-container-core-columns-is-layout-9d6595d7 wp-block-columns-is-layout-flex\">\n<div class=\"wp-block-column is-layout-flow wp-block-column-is-layout-flow\">\n<p><mark style=\"background-color:rgba(0, 0, 0, 0)\" class=\"has-inline-color has-vivid-green-cyan-color\">Arbres :<\/mark><br>2 Acers buergerianum<br><mark style=\"background-color:rgba(0, 0, 0, 0)\" class=\"has-inline-color has-vivid-green-cyan-color\">Arbustes :<\/mark><br>3 Malus everest &lsquo;Perpetu&rsquo;<br>6 Acer palmatum &lsquo;Sangokaku&rsquo;<br>2 Ulmus minor &lsquo;Jacqueline Hillier&rsquo; <br><mark style=\"background-color:rgba(0, 0, 0, 0)\" class=\"has-inline-color has-vivid-green-cyan-color\">Arbrisseaux :<\/mark> <br>11 Choisya ternata &lsquo;Sundance&rsquo;<br>10 Deutzia x elegantissima &lsquo;Rosealind&rsquo;<br>15 Salvia lamensi &lsquo;Blue note&rsquo;<br>29 Spiraea japonica &lsquo;Little princess&rsquo;<br><br><\/p>\n<\/div>\n\n\n\n<div class=\"wp-block-column is-layout-flow wp-block-column-is-layout-flow\">\n<p><mark style=\"background-color:rgba(0, 0, 0, 0)\" class=\"has-inline-color has-vivid-green-cyan-color\">Rosiers \u00e0 massif :<br><\/mark>6 Blue eyes \u00ae Serie 3<br>6 Botticelli\u00ae Serie 3 <br>7 Pacific dream\u00ae Serie 3<br><mark style=\"background-color:rgba(0, 0, 0, 0)\" class=\"has-inline-color has-vivid-green-cyan-color\">Rosiers Arbusifs : <\/mark><br>6 Andre le Notre \u00ae Serie 2<br>4 Monica Belluci Serie 2 <br>3 Lolita Lempicka Serie 2<br>2 Christophe Colomb Serie 2<br><mark style=\"background-color:rgba(0, 0, 0, 0)\" class=\"has-inline-color has-vivid-green-cyan-color\">Rosiers anciens : <\/mark><br>3 Jacques Cartier Serie 2<br>2 Louise Odier Serie 2 <br>9 Charles de Mills Serie 2<br>14 Buff Beauty Serie 2 <\/p>\n<\/div>\n\n\n\n<div class=\"wp-block-column is-layout-flow wp-block-column-is-layout-flow\">\n<p><mark style=\"background-color:rgba(0, 0, 0, 0)\" class=\"has-inline-color has-vivid-green-cyan-color\">Plantes grimpantes :<\/mark><br>2 Rosa Banksiae &lsquo;Lutea&rsquo;<br>11 Lonicera x Heckrottii &lsquo;Goldflame&rsquo;<br>12 Hydrangea x semiola<br>8 Passiflora caerulea &lsquo;Constance Elliott&rsquo;<br><mark style=\"background-color:rgba(0, 0, 0, 0)\" class=\"has-inline-color has-vivid-green-cyan-color\">Vivaces :<\/mark><br>Centranthus ruber<br>Teucrium x lucidrys<br>Bulbes<br>Crocus <br>Narcisses<br>Anemone &lsquo;Elfin Swan&rsquo; \u00ae<\/p>\n<\/div>\n<\/div>\n\n\n\n<figure class=\"wp-block-gallery has-nested-images columns-default is-cropped wp-block-gallery-1 is-layout-flex wp-block-gallery-is-layout-flex\">\n<figure class=\"wp-block-image size-large\"><img loading=\"lazy\" decoding=\"async\" width=\"490\" height=\"368\" data-id=\"177\" src=\"http:\/\/dev.etagnac.fr\/wp-content\/uploads\/2021\/08\/etaf.jpg\" alt=\"\" class=\"wp-image-177\" srcset=\"https:\/\/www.etagnac.fr\/wp-content\/uploads\/2021\/08\/etaf.jpg 490w, https:\/\/www.etagnac.fr\/wp-content\/uploads\/2021\/08\/etaf-300x225.jpg 300w\" sizes=\"auto, (max-width: 490px) 100vw, 490px\" \/><\/figure>\n\n\n\n<figure class=\"wp-block-image size-large\"><img loading=\"lazy\" decoding=\"async\" width=\"520\" height=\"313\" data-id=\"176\" src=\"http:\/\/dev.etagnac.fr\/wp-content\/uploads\/2021\/08\/etae\u0300-1.jpg\" alt=\"\" class=\"wp-image-176\" srcset=\"https:\/\/www.etagnac.fr\/wp-content\/uploads\/2021\/08\/etae\u0300-1.jpg 520w, https:\/\/www.etagnac.fr\/wp-content\/uploads\/2021\/08\/etae\u0300-1-300x181.jpg 300w\" sizes=\"auto, (max-width: 520px) 100vw, 520px\" \/><\/figure>\n\n\n\n<figure class=\"wp-block-image size-large\"><img loading=\"lazy\" decoding=\"async\" width=\"520\" height=\"344\" data-id=\"175\" src=\"http:\/\/dev.etagnac.fr\/wp-content\/uploads\/2021\/08\/etae\u0301-1.jpg\" alt=\"\" class=\"wp-image-175\" srcset=\"https:\/\/www.etagnac.fr\/wp-content\/uploads\/2021\/08\/etae\u0301-1.jpg 520w, https:\/\/www.etagnac.fr\/wp-content\/uploads\/2021\/08\/etae\u0301-1-300x198.jpg 300w\" sizes=\"auto, (max-width: 520px) 100vw, 520px\" \/><\/figure>\n\n\n\n<figure class=\"wp-block-image size-large\"><img loading=\"lazy\" decoding=\"async\" width=\"520\" height=\"258\" data-id=\"174\" src=\"http:\/\/dev.etagnac.fr\/wp-content\/uploads\/2021\/08\/etab.jpg\" alt=\"\" class=\"wp-image-174\" srcset=\"https:\/\/www.etagnac.fr\/wp-content\/uploads\/2021\/08\/etab.jpg 520w, https:\/\/www.etagnac.fr\/wp-content\/uploads\/2021\/08\/etab-300x149.jpg 300w\" sizes=\"auto, (max-width: 520px) 100vw, 520px\" \/><\/figure>\n<\/figure>\n\n\n\n<figure class=\"wp-block-gallery has-nested-images columns-default is-cropped wp-block-gallery-2 is-layout-flex wp-block-gallery-is-layout-flex\">\n<figure class=\"wp-block-image size-large\"><img loading=\"lazy\" decoding=\"async\" width=\"1024\" height=\"639\" data-id=\"1806\" src=\"https:\/\/www.etagnac.fr\/wp-content\/uploads\/2024\/04\/20240423_090224-1024x639.jpg\" alt=\"\" class=\"wp-image-1806\" srcset=\"https:\/\/www.etagnac.fr\/wp-content\/uploads\/2024\/04\/20240423_090224-1024x639.jpg 1024w, https:\/\/www.etagnac.fr\/wp-content\/uploads\/2024\/04\/20240423_090224-300x187.jpg 300w, https:\/\/www.etagnac.fr\/wp-content\/uploads\/2024\/04\/20240423_090224-768x479.jpg 768w, https:\/\/www.etagnac.fr\/wp-content\/uploads\/2024\/04\/20240423_090224-1536x958.jpg 1536w, https:\/\/www.etagnac.fr\/wp-content\/uploads\/2024\/04\/20240423_090224-2048x1278.jpg 2048w\" sizes=\"auto, (max-width: 1024px) 100vw, 1024px\" \/><\/figure>\n\n\n\n<figure class=\"wp-block-image size-large\"><img loading=\"lazy\" decoding=\"async\" width=\"1024\" height=\"625\" data-id=\"1807\" src=\"https:\/\/www.etagnac.fr\/wp-content\/uploads\/2024\/04\/20240423_090231-1024x625.jpg\" alt=\"\" class=\"wp-image-1807\" srcset=\"https:\/\/www.etagnac.fr\/wp-content\/uploads\/2024\/04\/20240423_090231-1024x625.jpg 1024w, https:\/\/www.etagnac.fr\/wp-content\/uploads\/2024\/04\/20240423_090231-300x183.jpg 300w, https:\/\/www.etagnac.fr\/wp-content\/uploads\/2024\/04\/20240423_090231-768x469.jpg 768w, https:\/\/www.etagnac.fr\/wp-content\/uploads\/2024\/04\/20240423_090231-1536x937.jpg 1536w, https:\/\/www.etagnac.fr\/wp-content\/uploads\/2024\/04\/20240423_090231-2048x1250.jpg 2048w\" sizes=\"auto, (max-width: 1024px) 100vw, 1024px\" \/><\/figure>\n<\/figure>\n\n\n\n<hr class=\"wp-block-separator has-alpha-channel-opacity\"\/>\n\n\n\n<div  class=\"tribe-compatibility-container\" >\n\t<div\n\t\t class=\"tribe-common tribe-events tribe-events-view tribe-events-view--widget-events-list tribe-events-widget\" \t\tdata-js=\"tribe-events-view\"\n\t\tdata-view-rest-url=\"https:\/\/www.etagnac.fr\/index.php?rest_route=\/tribe\/views\/v2\/html\"\n\t\tdata-view-manage-url=\"1\"\n\t\t\t\t\t\t\tdata-view-breakpoint-pointer=\"df767974-c701-4358-b360-61810c8c5a50\"\n\t\t\t>\n\t\t<div class=\"tribe-events-widget-events-list\">\n\n\t\t\t<script type=\"application\/ld+json\">\r\n[{\"@context\":\"http:\/\/schema.org\",\"@type\":\"Event\",\"name\":\"CEREMONIE DU 08 MAI\",\"description\":\"&lt;p&gt;C\\u00e9r\\u00e9monie du 08 mai La c\\u00e9r\\u00e9monie de comm\\u00e9moration du 08 mai \\u00e0 Etagnac aura lieu \\u00e0 10h30 en pr\\u00e9sence de la Banda de Chabanais. Le d\\u00e9fil\\u00e9 partira de la mairie [&hellip;]&lt;\/p&gt;\\\\n\",\"image\":\"https:\/\/www.etagnac.fr\/wp-content\/uploads\/2025\/05\/telechargement-1.jpg\",\"url\":\"https:\/\/www.etagnac.fr\/?tribe_events=ceremonie-du-08-mai\",\"eventAttendanceMode\":\"https:\/\/schema.org\/OfflineEventAttendanceMode\",\"eventStatus\":\"https:\/\/schema.org\/EventScheduled\",\"startDate\":\"2026-05-08T10:30:00+02:00\",\"endDate\":\"2026-05-08T12:00:00+02:00\",\"location\":{\"@type\":\"Place\",\"name\":\"Salle des f\\u00eates d&rsquo;Etagnac\",\"description\":\"\",\"url\":\"\",\"address\":{\"@type\":\"PostalAddress\",\"postalCode\":\"16150\",\"addressCountry\":\"France\"},\"telephone\":\"\",\"sameAs\":\"\"},\"organizer\":{\"@type\":\"Person\",\"name\":\"Commune d&rsquo;Etagnac\",\"description\":\"\",\"url\":\"\",\"telephone\":\"\",\"email\":\"\",\"sameAs\":\"\"},\"performer\":\"Organization\"},{\"@context\":\"http:\/\/schema.org\",\"@type\":\"Event\",\"name\":\"ENDURO CARPES DU VENDREDI 05 AU DIMANCHE 07 JUIN\",\"description\":\"&lt;p&gt;Enduro Carpes Organis\\u00e9 par l\\\\'association Passion P\\u00eache Du vendredi 05 au dimanche 07 juin Plus d\\\\'infos \\u00e0 venir&lt;\/p&gt;\\\\n\",\"image\":\"https:\/\/www.etagnac.fr\/wp-content\/uploads\/2025\/05\/telechargement.jpg\",\"url\":\"https:\/\/www.etagnac.fr\/?tribe_events=enduro-carpes-du-vendredi-05-au-dimanche-07-juin\",\"eventAttendanceMode\":\"https:\/\/schema.org\/OfflineEventAttendanceMode\",\"eventStatus\":\"https:\/\/schema.org\/EventScheduled\",\"startDate\":\"2026-06-05T08:00:00+02:00\",\"endDate\":\"2026-06-07T17:00:00+02:00\",\"location\":{\"@type\":\"Place\",\"name\":\"Etang de la F\\u00e9culerie\",\"description\":\"\",\"url\":\"\",\"address\":{\"@type\":\"PostalAddress\"},\"telephone\":\"\",\"sameAs\":\"\"},\"organizer\":{\"@type\":\"Person\",\"name\":\"Association Passion P\\u00eache\",\"description\":\"\",\"url\":\"\",\"telephone\":\"\",\"email\":\"\",\"sameAs\":\"\"},\"performer\":\"Organization\"},{\"@context\":\"http:\/\/schema.org\",\"@type\":\"Event\",\"name\":\"INTERCLUB SUR LE THEME MODELISME ETAGNAC 4 ET 5 JUILLET\",\"description\":\"&lt;p&gt;Interclub sur le th\\u00e8me militaire le week-end du 4-5 juillet 2026 sur \\u00e0 Etagnac (16), piste en herbe de 300x20m.Pour le samedi soir, un hangar et un tivoli seront \\u00e0 [&hellip;]&lt;\/p&gt;\\\\n\",\"image\":\"https:\/\/www.etagnac.fr\/wp-content\/uploads\/2026\/04\/629240971_1316056180547969_3567067333787847213_n.jpg\",\"url\":\"https:\/\/www.etagnac.fr\/?tribe_events=interclub-sur-le-theme-modelisme-etagnac-4-et-5-juillet\",\"eventAttendanceMode\":\"https:\/\/schema.org\/OfflineEventAttendanceMode\",\"eventStatus\":\"https:\/\/schema.org\/EventScheduled\",\"startDate\":\"2026-07-04T00:00:00+02:00\",\"endDate\":\"2026-07-05T23:59:59+02:00\",\"location\":{\"@type\":\"Place\",\"name\":\"Terrain de Marchesson\",\"description\":\"\",\"url\":\"\",\"address\":{\"@type\":\"PostalAddress\"},\"telephone\":\"\",\"sameAs\":\"\"},\"organizer\":{\"@type\":\"Person\",\"name\":\"Les ailes d&rsquo;Etagnac\",\"description\":\"\",\"url\":\"\",\"telephone\":\"\",\"email\":\"\",\"sameAs\":\"\"},\"performer\":\"Organization\"}]\r\n<\/script>\n\t\t\t<script data-js=\"tribe-events-view-data\" type=\"application\/json\">\n\t{\"slug\":\"widget-events-list\",\"prev_url\":\"\",\"next_url\":\"\",\"view_class\":\"Tribe\\\\Events\\\\Views\\\\V2\\\\Views\\\\Widgets\\\\Widget_List_View\",\"view_slug\":\"widget-events-list\",\"view_label\":\"View\",\"view\":null,\"should_manage_url\":true,\"id\":null,\"alias-slugs\":null,\"title\":\"\\u00c9v\\u00e8nements depuis avril 29 \\u2013 juillet 4 \\u2013 Etagnac \\u2013 Site officiel\",\"limit\":\"3\",\"no_upcoming_events\":false,\"featured_events_only\":false,\"jsonld_enable\":true,\"tribe_is_list_widget\":false,\"admin_fields\":{\"title\":{\"label\":\"Titre\\u00a0:\",\"type\":\"text\",\"parent_classes\":\"\",\"classes\":\"\",\"dependency\":\"\",\"id\":\"widget-tribe-widget-events-list--1-title\",\"name\":\"widget-tribe-widget-events-list[-1][title]\",\"options\":[],\"placeholder\":\"\",\"value\":null},\"limit\":{\"label\":\"Afficher\\u00a0:\",\"type\":\"number\",\"default\":5,\"min\":1,\"max\":10,\"step\":1,\"parent_classes\":\"\",\"classes\":\"\",\"dependency\":\"\",\"id\":\"widget-tribe-widget-events-list--1-limit\",\"name\":\"widget-tribe-widget-events-list[-1][limit]\",\"options\":[],\"placeholder\":\"\",\"value\":null},\"no_upcoming_events\":{\"label\":\"Cacher ce widget s\\u2019il n\\u2019y a pas d\\u2019\\u00e9v\\u00e8nements \\u00e0 venir.\",\"type\":\"checkbox\",\"parent_classes\":\"\",\"classes\":\"\",\"dependency\":\"\",\"id\":\"widget-tribe-widget-events-list--1-no_upcoming_events\",\"name\":\"widget-tribe-widget-events-list[-1][no_upcoming_events]\",\"options\":[],\"placeholder\":\"\",\"value\":null},\"featured_events_only\":{\"label\":\"Limiter uniquement pour les \\u00e9v\\u00e8nements mis en avant\",\"type\":\"checkbox\",\"parent_classes\":\"\",\"classes\":\"\",\"dependency\":\"\",\"id\":\"widget-tribe-widget-events-list--1-featured_events_only\",\"name\":\"widget-tribe-widget-events-list[-1][featured_events_only]\",\"options\":[],\"placeholder\":\"\",\"value\":null},\"jsonld_enable\":{\"label\":\"G\\u00e9n\\u00e9rer les donn\\u00e9es JSON-LD\",\"type\":\"checkbox\",\"parent_classes\":\"\",\"classes\":\"\",\"dependency\":\"\",\"id\":\"widget-tribe-widget-events-list--1-jsonld_enable\",\"name\":\"widget-tribe-widget-events-list[-1][jsonld_enable]\",\"options\":[],\"placeholder\":\"\",\"value\":null}},\"events\":[2516,2518,2551],\"url\":\"https:\\\/\\\/www.etagnac.fr\\\/?post_type=tribe_events&eventDisplay=widget-events-list\",\"url_event_date\":false,\"bar\":{\"keyword\":\"\",\"date\":\"\"},\"today\":\"2026-04-29 00:00:00\",\"now\":\"2026-04-29 10:18:09\",\"home_url\":\"https:\\\/\\\/www.etagnac.fr\",\"rest_url\":\"https:\\\/\\\/www.etagnac.fr\\\/index.php?rest_route=\\\/tribe\\\/views\\\/v2\\\/html\",\"rest_method\":\"GET\",\"rest_nonce\":\"\",\"today_url\":\"https:\\\/\\\/www.etagnac.fr\\\/?post_type=tribe_events&eventDisplay=widget-events-list\",\"today_title\":\"Cliquer pour s\\u00e9lectionner la date du jour\",\"today_label\":\"Aujourd\\u2019hui\",\"prev_label\":\"\",\"next_label\":\"\",\"date_formats\":{\"compact\":\"d\\\/m\\\/Y\",\"month_and_year_compact\":\"m\\\/Y\",\"month_and_year\":\"F Y\",\"time_range_separator\":\" - \",\"date_time_separator\":\" \\\/\"},\"messages\":[],\"start_of_week\":\"1\",\"header_title\":\"\",\"header_title_element\":\"h1\",\"content_title\":\"\",\"show_content_title\":false,\"breadcrumbs\":[],\"backlink\":false,\"before_events\":\"\",\"after_events\":\"\\n<!--\\nThis calendar is powered by The Events Calendar.\\nhttp:\\\/\\\/evnt.is\\\/18wn\\n-->\\n\",\"display_events_bar\":false,\"disable_event_search\":false,\"live_refresh\":true,\"ical\":{\"display_link\":true,\"link\":{\"url\":\"https:\\\/\\\/www.etagnac.fr\\\/?post_type=tribe_events&#038;eventDisplay=widget-events-list&#038;ical=1\",\"text\":\"Exporter \\u00c9v\\u00e8nements\",\"title\":\"Utilisez ceci pour partager les donn\\u00e9es de calendrier avec Google Calendar, Apple iCal et d\\u2019autres applications compatibles\"}},\"container_classes\":[\"tribe-common\",\"tribe-events\",\"tribe-events-view\",\"tribe-events-view--widget-events-list\",\"tribe-events-widget\"],\"container_data\":[],\"is_past\":false,\"breakpoints\":{\"xsmall\":500,\"medium\":768,\"full\":960},\"breakpoint_pointer\":\"df767974-c701-4358-b360-61810c8c5a50\",\"is_initial_load\":false,\"public_views\":{\"list\":{\"view_class\":\"Tribe\\\\Events\\\\Views\\\\V2\\\\Views\\\\List_View\",\"view_url\":\"https:\\\/\\\/www.etagnac.fr\\\/?post_type=tribe_events&eventDisplay=list\",\"view_label\":\"Liste\",\"aria_label\":\"Display \\u00c9v\\u00e8nements in Liste View\"},\"month\":{\"view_class\":\"Tribe\\\\Events\\\\Views\\\\V2\\\\Views\\\\Month_View\",\"view_url\":\"https:\\\/\\\/www.etagnac.fr\\\/?post_type=tribe_events&eventDisplay=month\",\"view_label\":\"Mois\",\"aria_label\":\"Display \\u00c9v\\u00e8nements in Mois View\"},\"day\":{\"view_class\":\"Tribe\\\\Events\\\\Views\\\\V2\\\\Views\\\\Day_View\",\"view_url\":\"https:\\\/\\\/www.etagnac.fr\\\/?post_type=tribe_events&eventDisplay=day\",\"view_label\":\"Jour\",\"aria_label\":\"Display \\u00c9v\\u00e8nements in Jour View\"}},\"show_latest_past\":false,\"past\":false,\"compatibility_classes\":[\"tribe-compatibility-container\"],\"view_more_text\":\"Voir le calendrier\",\"view_more_title\":\"Voir plus d\\u2019\\u00e9v\\u00e8nements.\",\"view_more_link\":\"https:\\\/\\\/www.etagnac.fr\",\"widget_title\":\"\\u00c9v\\u00e8nements \\u00e0 venir\",\"hide_if_no_upcoming_events\":false,\"display\":[],\"subscribe_links\":{\"gcal\":{\"label\":\"Google Agenda\",\"single_label\":\"Ajouter \\u00e0 Google Agenda\",\"visible\":true,\"block_slug\":\"hasGoogleCalendar\"},\"ical\":{\"label\":\"iCalendar\",\"single_label\":\"Ajouter \\u00e0 iCalendar\",\"visible\":true,\"block_slug\":\"hasiCal\"},\"outlook-365\":{\"label\":\"Outlook 365\",\"single_label\":\"Outlook 365\",\"visible\":true,\"block_slug\":\"hasOutlook365\"},\"outlook-live\":{\"label\":\"Outlook Live\",\"single_label\":\"Outlook Live\",\"visible\":true,\"block_slug\":\"hasOutlookLive\"},\"ics\":{\"label\":\"Exporter le fichier .ics\",\"single_label\":\"Exporter le fichier .ics\",\"visible\":true,\"block_slug\":null},\"outlook-ics\":{\"label\":\"Exporter le fichier Outlook .ics\",\"single_label\":\"Exporter le fichier Outlook .ics\",\"visible\":true,\"block_slug\":null}},\"_context\":{\"slug\":\"widget-events-list\"}}<\/script>\n\n\t\t\t\t\t\t\t<header class=\"tribe-events-widget-events-list__header\">\n\t\t\t\t\t<h2 class=\"tribe-events-widget-events-list__header-title tribe-common-h6 tribe-common-h--alt\">\n\t\t\t\t\t\t\u00c9v\u00e8nements \u00e0 venir\t\t\t\t\t<\/h2>\n\t\t\t\t<\/header>\n\t\t\t\n\t\t\t\n\t\t\t\t<div class=\"tribe-events-widget-events-list__events\">\n\t\t\t\t\t\t\t\t\t\t\t<div  class=\"tribe-common-g-row tribe-events-widget-events-list__event-row\" >\n\n\t<div class=\"tribe-events-widget-events-list__event-date-tag tribe-common-g-col\">\n\t<time class=\"tribe-events-widget-events-list__event-date-tag-datetime\" datetime=\"2026-05-08\">\n\t\t<span class=\"tribe-events-widget-events-list__event-date-tag-month\">\n\t\t\tMai\t\t<\/span>\n\t\t<span class=\"tribe-events-widget-events-list__event-date-tag-daynum tribe-common-h2 tribe-common-h4--min-medium\">\n\t\t\t8\t\t<\/span>\n\t<\/time>\n<\/div>\n\n\t<div class=\"tribe-events-widget-events-list__event-wrapper tribe-common-g-col\">\n\t\t<article  class=\"tribe-events-widget-events-list__event post-2516 tribe_events type-tribe_events status-publish has-post-thumbnail hentry\" >\n\t\t\t<div class=\"tribe-events-widget-events-list__event-details\">\n\n\t\t\t\t<header class=\"tribe-events-widget-events-list__event-header\">\n\t\t\t\t\t<div class=\"tribe-events-widget-events-list__event-datetime-wrapper tribe-common-b2 tribe-common-b3--min-medium\">\n\t\t<time class=\"tribe-events-widget-events-list__event-datetime\" datetime=\"2026-05-08\">\n\t\t<span class=\"tribe-event-date-start\">10h30<\/span> &#8211; <span class=\"tribe-event-time\">12h00<\/span>\t<\/time>\n\t<\/div>\n\t\t\t\t\t<h3 class=\"tribe-events-widget-events-list__event-title tribe-common-h7\">\n\t<a\n\t\thref=\"https:\/\/www.etagnac.fr\/?tribe_events=ceremonie-du-08-mai\"\n\t\ttitle=\"CEREMONIE DU 08 MAI\"\n\t\trel=\"bookmark\"\n\t\tclass=\"tribe-events-widget-events-list__event-title-link tribe-common-anchor-thin\"\n\t>\n\t\tCEREMONIE DU 08 MAI\t<\/a>\n<\/h3>\n\t\t\t\t<\/header>\n\n\t\t\t\t\n\t\t\t<\/div>\n\t\t<\/article>\n\t<\/div>\n\n<\/div>\n\t\t\t\t\t\t\t\t\t\t\t<div  class=\"tribe-common-g-row tribe-events-widget-events-list__event-row\" >\n\n\t<div class=\"tribe-events-widget-events-list__event-date-tag tribe-common-g-col\">\n\t<time class=\"tribe-events-widget-events-list__event-date-tag-datetime\" datetime=\"2026-06-05\">\n\t\t<span class=\"tribe-events-widget-events-list__event-date-tag-month\">\n\t\t\tJuin\t\t<\/span>\n\t\t<span class=\"tribe-events-widget-events-list__event-date-tag-daynum tribe-common-h2 tribe-common-h4--min-medium\">\n\t\t\t5\t\t<\/span>\n\t<\/time>\n<\/div>\n\n\t<div class=\"tribe-events-widget-events-list__event-wrapper tribe-common-g-col\">\n\t\t<article  class=\"tribe-events-widget-events-list__event post-2518 tribe_events type-tribe_events status-publish has-post-thumbnail hentry\" >\n\t\t\t<div class=\"tribe-events-widget-events-list__event-details\">\n\n\t\t\t\t<header class=\"tribe-events-widget-events-list__event-header\">\n\t\t\t\t\t<div class=\"tribe-events-widget-events-list__event-datetime-wrapper tribe-common-b2 tribe-common-b3--min-medium\">\n\t\t<time class=\"tribe-events-widget-events-list__event-datetime\" datetime=\"2026-06-05\">\n\t\t<span class=\"tribe-event-date-start\">juin 5 \/8h00<\/span> &#8211; <span class=\"tribe-event-date-end\">juin 7 \/17h00<\/span>\t<\/time>\n\t<\/div>\n\t\t\t\t\t<h3 class=\"tribe-events-widget-events-list__event-title tribe-common-h7\">\n\t<a\n\t\thref=\"https:\/\/www.etagnac.fr\/?tribe_events=enduro-carpes-du-vendredi-05-au-dimanche-07-juin\"\n\t\ttitle=\"ENDURO CARPES DU VENDREDI 05 AU DIMANCHE 07 JUIN\"\n\t\trel=\"bookmark\"\n\t\tclass=\"tribe-events-widget-events-list__event-title-link tribe-common-anchor-thin\"\n\t>\n\t\tENDURO CARPES DU VENDREDI 05 AU DIMANCHE 07 JUIN\t<\/a>\n<\/h3>\n\t\t\t\t<\/header>\n\n\t\t\t\t\n\t\t\t<\/div>\n\t\t<\/article>\n\t<\/div>\n\n<\/div>\n\t\t\t\t\t\t\t\t\t\t\t<div  class=\"tribe-common-g-row tribe-events-widget-events-list__event-row tribe-events-widget-events-list__event-row--featured\" >\n\n\t<div class=\"tribe-events-widget-events-list__event-date-tag tribe-common-g-col\">\n\t<time class=\"tribe-events-widget-events-list__event-date-tag-datetime\" datetime=\"2026-07-04\">\n\t\t<span class=\"tribe-events-widget-events-list__event-date-tag-month\">\n\t\t\tJuil\t\t<\/span>\n\t\t<span class=\"tribe-events-widget-events-list__event-date-tag-daynum tribe-common-h2 tribe-common-h4--min-medium\">\n\t\t\t4\t\t<\/span>\n\t<\/time>\n<\/div>\n\n\t<div class=\"tribe-events-widget-events-list__event-wrapper tribe-common-g-col\">\n\t\t<article  class=\"tribe-events-widget-events-list__event post-2551 tribe_events type-tribe_events status-publish has-post-thumbnail hentry tribe_events_cat-agenda-des-manifestations\" >\n\t\t\t<div class=\"tribe-events-widget-events-list__event-details\">\n\n\t\t\t\t<header class=\"tribe-events-widget-events-list__event-header\">\n\t\t\t\t\t<div class=\"tribe-events-widget-events-list__event-datetime-wrapper tribe-common-b2 tribe-common-b3--min-medium\">\n\t<em class=\"tribe-events-widget-events-list__event-datetime-featured-icon\">\n\t<svg\n\t class=\"tribe-common-c-svgicon tribe-common-c-svgicon--featured tribe-events-widget-events-list__event-datetime-featured-icon-svg\" \taria-hidden=\"true\"\n\tviewBox=\"0 0 8 10\"\n\txmlns=\"http:\/\/www.w3.org\/2000\/svg\"\n>\n\t<path fill-rule=\"evenodd\" clip-rule=\"evenodd\" d=\"M0 0h8v10L4.049 7.439 0 10V0z\"\/>\n<\/svg>\n<\/em>\n<span class=\"tribe-events-widget-events-list__event-datetime-featured-text tribe-common-a11y-visual-hide\">\n\tMis en avant<\/span>\n\t<time class=\"tribe-events-widget-events-list__event-datetime\" datetime=\"2026-07-04\">\n\t\t<span class=\"tribe-event-date-start\">juillet 4<\/span> &#8211; <span class=\"tribe-event-date-end\">juillet 5<\/span>\t<\/time>\n\t<\/div>\n\t\t\t\t\t<h3 class=\"tribe-events-widget-events-list__event-title tribe-common-h7\">\n\t<a\n\t\thref=\"https:\/\/www.etagnac.fr\/?tribe_events=interclub-sur-le-theme-modelisme-etagnac-4-et-5-juillet\"\n\t\ttitle=\"INTERCLUB SUR LE THEME MODELISME ETAGNAC 4 ET 5 JUILLET\"\n\t\trel=\"bookmark\"\n\t\tclass=\"tribe-events-widget-events-list__event-title-link tribe-common-anchor-thin\"\n\t>\n\t\tINTERCLUB SUR LE THEME MODELISME ETAGNAC 4 ET 5 JUILLET\t<\/a>\n<\/h3>\n\t\t\t\t<\/header>\n\n\t\t\t\t\n\t\t\t<\/div>\n\t\t<\/article>\n\t<\/div>\n\n<\/div>\n\t\t\t\t\t\t\t\t\t<\/div>\n\n\t\t\t\t<div class=\"tribe-events-widget-events-list__view-more tribe-common-b1 tribe-common-b2--min-medium\">\n\t<a\n\t\thref=\"https:\/\/www.etagnac.fr\"\n\t\tclass=\"tribe-events-widget-events-list__view-more-link tribe-common-anchor-thin\"\n\t\ttitle=\"Voir plus d\u2019\u00e9v\u00e8nements.\"\n\t>\n\t\tVoir le calendrier\t<\/a>\n<\/div>\n\n\t\t\t\t\t<\/div>\n\t<\/div>\n<\/div>\n<script data-js='tribe-events-view-nonce-data' type='application\/json'>{\"tvn1\":\"c10846aaa0\",\"tvn2\":\"\"}<\/script>\n\n\n\n<div class=\"wp-block-columns alignwide is-layout-flex wp-container-core-columns-is-layout-9d6595d7 wp-block-columns-is-layout-flex\">\n<div class=\"wp-block-column has-text-color has-background has-link-color wp-elements-54d92a68e9e05f86b7834c866983e1d2 is-layout-flow wp-block-column-is-layout-flow\" style=\"color:#000000;background-color:#c0ebf1;padding-top:2em;padding-right:2em;padding-bottom:2em;padding-left:2em\">\n<div class=\"wp-block-buttons alignfull is-horizontal is-content-justification-center is-layout-flex wp-container-core-buttons-is-layout-499968f5 wp-block-buttons-is-layout-flex\">\n<div class=\"wp-block-button has-custom-width wp-block-button__width-100\"><a class=\"wp-block-button__link has-white-color has-text-color has-background no-border-radius wp-element-button\" href=\"https:\/\/www.etagnac.fr\/?tribe_events_cat=agenda-des-manifestations\" style=\"background-color:#000000\" target=\"_blank\" rel=\"noreferrer noopener\">Voir le calendrier des manifestations<\/a><\/div>\n<\/div>\n<\/div>\n<\/div>\n","protected":false},"excerpt":{"rendered":"<p>Le Mot du Maire Le Conseil Municipal et moi-m\u00eame sommes heureux de vous accueillir sur le site de la commune d\u2019Etagnac. Notre commune est situ\u00e9e au c\u0153ur de la Charente-Limousine, [&hellip;]<\/p>\n","protected":false},"author":1,"featured_media":0,"parent":0,"menu_order":0,"comment_status":"closed","ping_status":"closed","template":"","meta":{"footnotes":""},"class_list":["post-69","page","type-page","status-publish","hentry"],"_links":{"self":[{"href":"https:\/\/www.etagnac.fr\/index.php?rest_route=\/wp\/v2\/pages\/69","targetHints":{"allow":["GET"]}}],"collection":[{"href":"https:\/\/www.etagnac.fr\/index.php?rest_route=\/wp\/v2\/pages"}],"about":[{"href":"https:\/\/www.etagnac.fr\/index.php?rest_route=\/wp\/v2\/types\/page"}],"author":[{"embeddable":true,"href":"https:\/\/www.etagnac.fr\/index.php?rest_route=\/wp\/v2\/users\/1"}],"replies":[{"embeddable":true,"href":"https:\/\/www.etagnac.fr\/index.php?rest_route=%2Fwp%2Fv2%2Fcomments&post=69"}],"version-history":[{"count":30,"href":"https:\/\/www.etagnac.fr\/index.php?rest_route=\/wp\/v2\/pages\/69\/revisions"}],"predecessor-version":[{"id":2036,"href":"https:\/\/www.etagnac.fr\/index.php?rest_route=\/wp\/v2\/pages\/69\/revisions\/2036"}],"wp:attachment":[{"href":"https:\/\/www.etagnac.fr\/index.php?rest_route=%2Fwp%2Fv2%2Fmedia&parent=69"}],"curies":[{"name":"wp","href":"https:\/\/api.w.org\/{rel}","templated":true}]}}